{"id":4186,"date":"2020-03-02T15:41:28","date_gmt":"2020-03-02T14:41:28","guid":{"rendered":"https:\/\/www.fcschwand.de\/?post_type=portfolio&#038;p=4186"},"modified":"2024-04-09T18:21:33","modified_gmt":"2024-04-09T16:21:33","slug":"fussball","status":"publish","type":"portfolio","link":"https:\/\/www.fcschwand.de\/home\/portfolio-item\/fussball\/","title":{"rendered":"Fussball"},"content":{"rendered":"<div id='av_section_1'  class='avia-section alternate_color avia-section-huge avia-no-shadow  avia-full-stretch av-section-color-overlay-active avia-bg-style-scroll  avia-builder-el-0  el_before_av_section  avia-builder-el-first   container_wrap sidebar_right' style='background-repeat: no-repeat; background-image: url(https:\/\/www.fcschwand.de\/wp-content\/uploads\/2016\/02\/1781-300x200.png);background-attachment: scroll; background-position: top center;  '  data-section-bg-repeat='stretch'><div class='av-section-color-overlay-wrap'><div class='av-section-color-overlay' style='opacity: 0.5; background-color: #000000; '><\/div><div class='container' ><main  role=\"main\" itemprop=\"mainContentOfPage\"  class='template-page content  av-content-small alpha units'><div class='post-entry post-entry-type-page post-entry-4186'><div class='entry-content-wrapper clearfix'>\n<div class='flex_column_table av-equal-height-column-flextable -flextable' ><div class=\"flex_column av_two_third  flex_column_table_cell av-equal-height-column av-align-middle av-zero-column-padding first  avia-builder-el-1  el_before_av_one_third  avia-builder-el-first  \" style='border-radius:0px; '><p><div  style='padding-bottom:0px; font-size:65px;' class='av-special-heading av-special-heading-h1  blockquote modern-quote modern-centered  avia-builder-el-2  el_before_av_hr  avia-builder-el-first  av-thin-font av-inherit-size av-linked-heading '><h1 class='av-special-heading-tag '  itemprop=\"headline\"  ><a href=\"https:\/\/www.1fcschwand-fussball.de\/\" target=\"_blank\" rel=\"noopener noreferrer\">Abteilung<strong>-Fussball<\/strong> <\/a><\/h1><div class ='av-subheading av-subheading_below  ' style='font-size:40px;'><p>1.FC Schwand<\/p>\n<\/div><div class='special-heading-border'><div class='special-heading-inner-border' ><\/div><\/div><\/div><br \/>\n<div   class='hr hr-default   avia-builder-el-3  el_after_av_heading  el_before_av_button '><span class='hr-inner ' ><span class='hr-inner-style'><\/span><\/span><\/div><br \/>\n<div  class='avia-button-wrap avia-button-center  avia-builder-el-4  el_after_av_hr  avia-builder-el-last ' ><a href='https:\/\/www.1fcschwand-fussball.de\/' class='avia-button   avia-icon_select-yes-left-icon avia-size-x-large avia-position-center ' target=\"_blank\" rel=\"noopener noreferrer\" style='background-color:#0c00ff; border-color:#0c00ff; color:#ffffff; '><span class='avia_button_icon avia_button_icon_left ' aria-hidden='true' data-av_icon='\ue841' data-av_iconfont='entypo-fontello'><\/span><span class='avia_iconbox_title' >www.1fcschwand-fussball.de<\/span><\/a><\/div><\/p><\/div><div class='av-flex-placeholder'><\/div><div class=\"flex_column av_one_third  flex_column_table_cell av-equal-height-column av-align-middle av-zero-column-padding   avia-builder-el-5  el_after_av_two_third  avia-builder-el-last  \" style='border-radius:0px; '><div id='avia-messagebox-5d829e92abf90420579e09787b84fa83' class='avia_message_box  avia-color-blue avia-size-large avia-icon_select-yes avia-border-dashed  avia-builder-el-6  avia-builder-el-no-sibling  messagebox-hidden messagebox-custom_cookie' data-contents='5d829e92abf90420579e09787b84fa83' data-cookielifetime='30'><span class='avia_message_box_title' >FCS News<\/span><div class='avia_message_box_content' ><span class='avia_message_box_icon' aria-hidden='true' data-av_icon='\ue8d2' data-av_iconfont='entypo-fontello'><\/span><\/div><a class=\"av_message_close\">\u00d7<\/a><\/div><\/div><\/div><!--close column table wrapper. Autoclose: 1 --><\/div><\/div><\/main><!-- close content main element --><\/div><\/div><\/div><div id='av_section_2'  class='avia-section main_color avia-section-large avia-no-border-styling  avia-bg-style-scroll  avia-builder-el-7  el_after_av_section  el_before_av_heading   container_wrap sidebar_right' style=' '  ><div class='container' ><div class='template-page content  av-content-small alpha units'><div class='post-entry post-entry-type-page post-entry-4186'><div class='entry-content-wrapper clearfix'>\n<div class='flex_column_table av-equal-height-column-flextable -flextable' ><div class=\"flex_column av_one_half  avia-full-contain flex_column_table_cell av-equal-height-column av-align-top first  avia-builder-el-8  el_before_av_one_half  avia-builder-el-first  \" style='border-width:1px; border-color:#e1e1e1; border-style:solid; padding:40px 18px 18px 18px ; border-radius:0px; '><div  class='avia-icon-list-container   avia-builder-el-9  avia-builder-el-no-sibling '><ul class='avia-icon-list avia-icon-list-left av-iconlist-small avia_animate_when_almost_visible avia-iconlist-animate'>\n<li><a href='https:\/\/www.1fcschwand-fussball.de\/news\/' title='Aktuelles' target=\"_blank\" rel=\"noopener noreferrer\" style='color:#d63e2d; font-size:20px; ' class='iconlist_icon  avia-font-flaticon-sports'><span class='iconlist-char ' aria-hidden='true' data-av_icon='\uf149' data-av_iconfont='flaticon-sports'><\/span><\/a><article class=\"article-icon-entry av-iconlist-empty\"  itemscope=\"itemscope\" itemtype=\"https:\/\/schema.org\/CreativeWork\" ><div class='iconlist_content_wrap'><header class=\"entry-content-header\"><div class='av_iconlist_title iconlist_title_small   '  itemprop=\"headline\"   style='font-size:20px; '><a href='https:\/\/www.1fcschwand-fussball.de\/news\/' title='Aktuelles' target=\"_blank\" rel=\"noopener noreferrer\">Aktuelles<\/a><\/div><\/header><div class='iconlist_content  '  itemprop=\"text\"  ><\/div><\/div><footer class=\"entry-footer\"><\/footer><\/article><div class='iconlist-timeline'><\/div><\/li>\n<li><a href='https:\/\/www.fcschwand.de\/home\/fussball-2\/ansprechpartner-fussball\/' title='Ansprechpartner'   style='color:#d63e2d; font-size:20px; ' class='iconlist_icon  avia-font-flaticon-sports'><span class='iconlist-char ' aria-hidden='true' data-av_icon='\uf149' data-av_iconfont='flaticon-sports'><\/span><\/a><article class=\"article-icon-entry av-iconlist-empty\"  itemscope=\"itemscope\" itemtype=\"https:\/\/schema.org\/CreativeWork\" ><div class='iconlist_content_wrap'><header class=\"entry-content-header\"><div class='av_iconlist_title iconlist_title_small   '  itemprop=\"headline\"   style='font-size:20px; '><a href='https:\/\/www.fcschwand.de\/home\/fussball-2\/ansprechpartner-fussball\/' title='Ansprechpartner'>Ansprechpartner<\/a><\/div><\/header><div class='iconlist_content  '  itemprop=\"text\"  ><\/div><\/div><footer class=\"entry-footer\"><\/footer><\/article><div class='iconlist-timeline'><\/div><\/li>\n<li><a href='https:\/\/www.1fcschwand-fussball.de\/mannschaften\/kader\/' title='Die Mannschaft' target=\"_blank\" rel=\"noopener noreferrer\" style='color:#d63e2d; font-size:20px; ' class='iconlist_icon  avia-font-flaticon-sports'><span class='iconlist-char ' aria-hidden='true' data-av_icon='\uf149' data-av_iconfont='flaticon-sports'><\/span><\/a><article class=\"article-icon-entry av-iconlist-empty\"  itemscope=\"itemscope\" itemtype=\"https:\/\/schema.org\/CreativeWork\" ><div class='iconlist_content_wrap'><header class=\"entry-content-header\"><div class='av_iconlist_title iconlist_title_small   '  itemprop=\"headline\"   style='font-size:20px; '><a href='https:\/\/www.1fcschwand-fussball.de\/mannschaften\/kader\/' title='Die Mannschaft' target=\"_blank\" rel=\"noopener noreferrer\">Die Mannschaft<\/a><\/div><\/header><div class='iconlist_content  '  itemprop=\"text\"  ><\/div><\/div><footer class=\"entry-footer\"><\/footer><\/article><div class='iconlist-timeline'><\/div><\/li>\n<li><a href='https:\/\/www.sgschwand-leerstetten.de\/' title='Jugend-Fussball' target=\"_blank\" rel=\"noopener noreferrer\" style='color:#d63e2d; font-size:20px; ' class='iconlist_icon  avia-font-flaticon-sports'><span class='iconlist-char ' aria-hidden='true' data-av_icon='\uf149' data-av_iconfont='flaticon-sports'><\/span><\/a><article class=\"article-icon-entry av-iconlist-empty\"  itemscope=\"itemscope\" itemtype=\"https:\/\/schema.org\/CreativeWork\" ><div class='iconlist_content_wrap'><header class=\"entry-content-header\"><div class='av_iconlist_title iconlist_title_small   '  itemprop=\"headline\"   style='font-size:20px; '><a href='https:\/\/www.sgschwand-leerstetten.de\/' title='Jugend-Fussball' target=\"_blank\" rel=\"noopener noreferrer\">Jugend-Fussball<\/a><\/div><\/header><div class='iconlist_content  '  itemprop=\"text\"  ><\/div><\/div><footer class=\"entry-footer\"><\/footer><\/article><div class='iconlist-timeline'><\/div><\/li>\n<li><div  style='color:#d63e2d; font-size:20px; ' class='iconlist_icon  avia-font-flaticon-sports'><span class='iconlist-char ' aria-hidden='true' data-av_icon='\uf149' data-av_iconfont='flaticon-sports'><\/span><\/div><article class=\"article-icon-entry av-iconlist-empty\"  itemscope=\"itemscope\" itemtype=\"https:\/\/schema.org\/CreativeWork\" ><div class='iconlist_content_wrap'><header class=\"entry-content-header\"><div class='av_iconlist_title iconlist_title_small   '  itemprop=\"headline\"   style='font-size:20px; '><a href='https:\/\/www.1fcschwand-fussball.de\/ah-fussball\/' title='AH-Schwanstetten' target=\"_blank\" rel=\"noopener noreferrer\">AH-Schwanstetten<\/a><\/div><\/header><div class='iconlist_content  '  itemprop=\"text\"  ><\/div><\/div><footer class=\"entry-footer\"><\/footer><\/article><div class='iconlist-timeline'><\/div><\/li>\n<li><a href='https:\/\/www.1fcschwand-fussball.de\/theatergruppe\/naechste-vorstellungen\/' title='Theatergruppe'   style='color:#d63e2d; font-size:20px; ' class='iconlist_icon  avia-font-flaticon-sports'><span class='iconlist-char ' aria-hidden='true' data-av_icon='\uf149' data-av_iconfont='flaticon-sports'><\/span><\/a><article class=\"article-icon-entry \"  itemscope=\"itemscope\" itemtype=\"https:\/\/schema.org\/CreativeWork\" ><div class='iconlist_content_wrap'><header class=\"entry-content-header\"><div class='av_iconlist_title iconlist_title_small   '  itemprop=\"headline\"   style='font-size:20px; '><a href='https:\/\/www.1fcschwand-fussball.de\/theatergruppe\/naechste-vorstellungen\/' title='Theatergruppe'>Theatergruppe<\/a><\/div><\/header><div class='iconlist_content  '  itemprop=\"text\"  ><p><a href=\"https:\/\/www.fcschwand.de\/wp-content\/uploads\/2020\/03\/Plakat_Theater_Schwand_2020.pdf\">Plakat_Theater_Schwand_2020<\/a><\/p>\n<\/div><\/div><footer class=\"entry-footer\"><\/footer><\/article><div class='iconlist-timeline'><\/div><\/li>\n<\/ul><\/div><\/div><div class='av-flex-placeholder'><\/div><div class=\"flex_column av_one_half  avia-full-contain flex_column_table_cell av-equal-height-column av-align-top   avia-builder-el-10  el_after_av_one_half  el_before_av_one_full  \" style='border-width:1px; border-color:#e1e1e1; border-style:solid; padding:40px 0px 9px 0px ; border-radius:0px; '><p><div  style='padding-bottom:15px; font-size:20px;' class='av-special-heading av-special-heading-h1  blockquote modern-quote modern-centered  avia-builder-el-11  el_before_av_image  avia-builder-el-first  av-inherit-size '><h1 class='av-special-heading-tag '  itemprop=\"headline\"  >Peter Leykauf<\/h1><div class ='av-subheading av-subheading_below  ' style='font-size:20px;'><p>1. Abteilungsleiter<\/p>\n<\/div><div class='special-heading-border'><div class='special-heading-inner-border' ><\/div><\/div><\/div><br \/>\n<div  class='avia-image-container  av-styling-    avia-builder-el-12  el_after_av_heading  el_before_av_hr  avia-align-center '  itemprop=\"image\" itemscope=\"itemscope\" itemtype=\"https:\/\/schema.org\/ImageObject\"  ><div class='avia-image-container-inner'><div class='avia-image-overlay-wrap'><img class='wp-image-6460 avia-img-lazy-loading-not-6460 avia_image' src=\"https:\/\/www.fcschwand.de\/wp-content\/uploads\/2021\/02\/Peter_Leykauf-251x300.jpg\" alt='' title='Peter_Leykauf' height=\"300\" width=\"251\"  itemprop=\"thumbnailUrl\" srcset=\"https:\/\/www.fcschwand.de\/wp-content\/uploads\/2021\/02\/Peter_Leykauf-251x300.jpg 251w, https:\/\/www.fcschwand.de\/wp-content\/uploads\/2021\/02\/Peter_Leykauf-862x1030.jpg 862w, https:\/\/www.fcschwand.de\/wp-content\/uploads\/2021\/02\/Peter_Leykauf-768x918.jpg 768w, https:\/\/www.fcschwand.de\/wp-content\/uploads\/2021\/02\/Peter_Leykauf-1286x1536.jpg 1286w, https:\/\/www.fcschwand.de\/wp-content\/uploads\/2021\/02\/Peter_Leykauf-1714x2048.jpg 1714w, https:\/\/www.fcschwand.de\/wp-content\/uploads\/2021\/02\/Peter_Leykauf-1255x1500.jpg 1255w, https:\/\/www.fcschwand.de\/wp-content\/uploads\/2021\/02\/Peter_Leykauf-590x705.jpg 590w, https:\/\/www.fcschwand.de\/wp-content\/uploads\/2021\/02\/Peter_Leykauf-450x538.jpg 450w, https:\/\/www.fcschwand.de\/wp-content\/uploads\/2021\/02\/Peter_Leykauf.jpg 1920w\" sizes=\"(max-width: 251px) 100vw, 251px\" \/><\/div><\/div><\/div><br \/>\n<div  style='height:10px' class='hr hr-invisible   avia-builder-el-13  el_after_av_image  el_before_av_button '><span class='hr-inner ' ><span class='hr-inner-style'><\/span><\/span><\/div><br \/>\n<div  class='avia-button-wrap avia-button-center  avia-builder-el-14  el_after_av_hr  avia-builder-el-last ' ><a href='https:\/\/www.1fcschwand-fussball.de\/kontakt\/' class='avia-button av-icon-on-hover  avia-icon_select-yes-left-icon avia-size-small avia-position-center ' target=\"_blank\" rel=\"noopener noreferrer\" style='background-color:#0c00ff; border-color:#0c00ff; color:#ffffff; '><span class='avia_button_icon avia_button_icon_left ' aria-hidden='true' data-av_icon='\ue805' data-av_iconfont='entypo-fontello'><\/span><span class='avia_iconbox_title' >Kontakt<\/span><\/a><\/div><\/p><\/div><\/div><!--close column table wrapper. Autoclose: 1 --><div class=\"flex_column av_one_full  flex_column_div av-zero-column-padding first  avia-builder-el-15  el_after_av_one_half  avia-builder-el-last  column-top-margin\" style='border-radius:0px; '><p><div  style='padding-bottom:0px; font-size:20px;' class='av-special-heading av-special-heading-h3  blockquote modern-quote  avia-builder-el-16  el_before_av_textblock  avia-builder-el-first  av-thin-font av-inherit-size '><h3 class='av-special-heading-tag '  itemprop=\"headline\"  >Unser Fokus<strong>:<\/strong><\/h3><div class='special-heading-border'><div class='special-heading-inner-border' ><\/div><\/div><\/div><br \/>\n<section class=\"av_textblock_section \"  itemscope=\"itemscope\" itemtype=\"https:\/\/schema.org\/CreativeWork\" ><div class='avia_textblock  '   itemprop=\"text\" ><section class=\"av_textblock_section\">\n<div class=\"avia_textblock\">\n<p><em>Wir verschreiben uns der Erf\u00fcllung einer gesellschaftspolitischen Aufgabe durch dauerhafte, gezielte F\u00f6rderung und Integration von Kindern und Jugendlichen, unabh\u00e4ngig von Nationalit\u00e4t, Herkunft und Religion. Seriosit\u00e4t, Kontinuit\u00e4t und Offenheit gelten als unabdingbare Regeln.<\/em><\/p>\n<p><em>Uns liegt die F\u00f6rderung des Fu\u00dfballs als Breitensport und nach leistungsspezifischen Gesichtspunkten am Herzen. Uns geht es darum, den bestm\u00f6glichen sportlichen Erfolg durch Ausbildung und vorrangigen Einsatz eigener Spieler bzw. Spielern aus der Region zu erreichen.<\/em><\/p>\n<p><em>Wir legen Wert auf Fairplay und Fairness in- und au\u00dferhalb des Spielfeldes, F\u00f6rderung der Kameradschaft und Geselligkeit, sowie Identifikation mit dem Verein und Schaffung eines \u201eWir-Gef\u00fchls\u201c.<\/em><\/p>\n<p style=\"text-align: center;\">\u00a0<strong>\u201eGemeinsam erfolgreich in die Zukunft!\u201c<\/strong><\/p>\n<\/div>\n<\/section>\n<\/div><\/section><\/p><\/div>\n<\/div><\/div><\/div><!-- close content main div --><\/div><\/div><div id='after_section_2'  class='main_color av_default_container_wrap container_wrap sidebar_right' style=' '  ><div class='container' ><div class='template-page content  av-content-small alpha units'><div class='post-entry post-entry-type-page post-entry-4186'><div class='entry-content-wrapper clearfix'><\/p>\n<div  style='padding-bottom:0px; font-size:35px;' class='av-special-heading av-special-heading-h1  blockquote modern-quote  avia-builder-el-18  el_after_av_section  el_before_av_partner  avia-builder-el-first  av-thin-font av-inherit-size '><h1 class='av-special-heading-tag '  itemprop=\"headline\"  >Sponsored <strong>by<\/strong><\/h1><div class='special-heading-border'><div class='special-heading-inner-border' ><\/div><\/div><\/div>\n<div   data-autoplay='true'  data-interval='4'  data-animation='slide'  class='avia-logo-element-container  avia-logo-slider avia-content-slider avia-smallarrow-slider avia-content-slider-active noHover avia-content-slider1 avia-content-slider-odd  avia-builder-el-19  el_after_av_heading  avia-builder-el-last  ' ><div class='avia-smallarrow-slider-heading  no-logo-slider-heading '><div class='new-special-heading'>&nbsp;<\/div><div class='avia-slideshow-arrows avia-slideshow-controls'><a href='#prev' class='prev-slide' aria-hidden='true' data-av_icon='\ue87c' data-av_iconfont='entypo-fontello'>Zur\u00fcck<\/a><a href='#next' class='next-slide' aria-hidden='true' data-av_icon='\ue87d' data-av_iconfont='entypo-fontello'>Weiter<\/a><\/div><\/div><div class='avia-content-slider-inner'><div class='slide-entry-wrap' ><div  class='slide-entry flex_column no_margin post-entry slide-entry-overview slide-loop-1 slide-parity-odd  av_one_fifth first real-thumbnail'><span class='av-partner-fake-img' style='padding-bottom:53.333333333333%; background-image:url(https:\/\/www.fcschwand.de\/wp-content\/uploads\/2020\/03\/1337logo_984-450x240.jpg);'><\/span><\/div><div  class='slide-entry flex_column no_margin post-entry slide-entry-overview slide-loop-2 slide-parity-even  av_one_fifth  real-thumbnail'><span class='av-partner-fake-img' style='padding-bottom:53.333333333333%; background-image:url(https:\/\/www.fcschwand.de\/wp-content\/uploads\/2020\/03\/Logo-Motionsys.jpg);'><\/span><\/div><div  class='slide-entry flex_column no_margin post-entry slide-entry-overview slide-loop-3 slide-parity-odd  av_one_fifth  real-thumbnail'><span class='av-partner-fake-img' style='padding-bottom:53.333333333333%; background-image:url(https:\/\/www.fcschwand.de\/wp-content\/uploads\/2020\/03\/1337logo_984-450x240.jpg);'><\/span><\/div><div  class='slide-entry flex_column no_margin post-entry slide-entry-overview slide-loop-4 slide-parity-even  av_one_fifth  real-thumbnail'><span class='av-partner-fake-img' style='padding-bottom:53.333333333333%; background-image:url(https:\/\/www.fcschwand.de\/wp-content\/uploads\/2020\/03\/diekuechenplaner_logo.png);'><\/span><\/div><div  class='slide-entry flex_column no_margin post-entry slide-entry-overview slide-loop-5 slide-parity-odd  av_one_fifth  real-thumbnail'><span class='av-partner-fake-img' style='padding-bottom:53.333333333333%; background-image:url(https:\/\/www.fcschwand.de\/wp-content\/uploads\/2020\/03\/1337logo_984-450x240.jpg);'><\/span><\/div><\/div><div class='slide-entry-wrap' ><div  class='slide-entry flex_column no_margin post-entry slide-entry-overview slide-loop-6 slide-parity-odd  av_one_fifth first real-thumbnail'><span class='av-partner-fake-img' style='padding-bottom:53.333333333333%; background-image:url(https:\/\/www.fcschwand.de\/wp-content\/uploads\/2020\/03\/BildFante.png);'><\/span><\/div><div  class='slide-entry flex_column no_margin post-entry slide-entry-overview slide-loop-7 slide-parity-even  av_one_fifth  real-thumbnail'><span class='av-partner-fake-img' style='padding-bottom:53.333333333333%; background-image:url(https:\/\/www.fcschwand.de\/wp-content\/uploads\/2020\/03\/1337logo_984-450x240.jpg);'><\/span><\/div><div  class='slide-entry flex_column no_margin post-entry slide-entry-overview slide-loop-8 slide-parity-odd  av_one_fifth  real-thumbnail'><span class='av-partner-fake-img' style='padding-bottom:53.333333333333%; background-image:url(https:\/\/www.fcschwand.de\/wp-content\/uploads\/2020\/03\/Ergo.png);'><\/span><\/div><div  class='slide-entry flex_column no_margin post-entry slide-entry-overview slide-loop-9 slide-parity-even  av_one_fifth  real-thumbnail'><span class='av-partner-fake-img' style='padding-bottom:53.333333333333%; background-image:url(https:\/\/www.fcschwand.de\/wp-content\/uploads\/2020\/03\/1337logo_984-450x240.jpg);'><\/span><\/div><div  class='slide-entry flex_column no_margin post-entry slide-entry-overview slide-loop-10 slide-parity-odd  post-entry-last  av_one_fifth  real-thumbnail'><span class='av-partner-fake-img' style='padding-bottom:53.333333333333%; background-image:url(https:\/\/www.fcschwand.de\/wp-content\/uploads\/2020\/03\/Logo-Sporer.jpg);'><\/span><\/div><\/div><\/div><\/div>\n","protected":false},"excerpt":{"rendered":"<p>Abteilung Fussball<\/p>\n","protected":false},"featured_media":4698,"comment_status":"closed","ping_status":"closed","template":"","tags":[],"portfolio_entries":[19],"yoast_head":"<!-- This site is optimized with the Yoast SEO plugin v15.9.2 - https:\/\/yoast.com\/wordpress\/plugins\/seo\/ -->\n<title>Fussball - 1.FC Schwand<\/title>\n<link rel=\"canonical\" href=\"https:\/\/www.fcschwand.de\/home\/portfolio-item\/fussball\/\" \/>\n<meta property=\"og:locale\" content=\"de_DE\" \/>\n<meta property=\"og:type\" content=\"article\" \/>\n<meta property=\"og:title\" content=\"Fussball - 1.FC Schwand\" \/>\n<meta property=\"og:description\" content=\"Abteilung Fussball\" \/>\n<meta property=\"og:url\" content=\"https:\/\/www.fcschwand.de\/home\/portfolio-item\/fussball\/\" \/>\n<meta property=\"og:site_name\" content=\"1.FC Schwand\" \/>\n<meta property=\"article:modified_time\" content=\"2024-04-09T16:21:33+00:00\" \/>\n<meta property=\"og:image\" content=\"https:\/\/www.fcschwand.de\/wp-content\/uploads\/2020\/03\/Fussball_Portfolio.jpg\" \/>\n\t<meta property=\"og:image:width\" content=\"422\" \/>\n\t<meta property=\"og:image:height\" content=\"255\" \/>\n<meta name=\"twitter:card\" content=\"summary\" \/>\n<meta name=\"twitter:label1\" content=\"Gesch\u00e4tzte Lesezeit\">\n\t<meta name=\"twitter:data1\" content=\"4\u00a0Minuten\">\n<script type=\"application\/ld+json\" class=\"yoast-schema-graph\">{\"@context\":\"https:\/\/schema.org\",\"@graph\":[{\"@type\":\"WebSite\",\"@id\":\"https:\/\/www.fcschwand.de\/home\/#website\",\"url\":\"https:\/\/www.fcschwand.de\/home\/\",\"name\":\"1.FC Schwand\",\"description\":\"Sport aus Leidenschaft\",\"potentialAction\":[{\"@type\":\"SearchAction\",\"target\":\"https:\/\/www.fcschwand.de\/home\/?s={search_term_string}\",\"query-input\":\"required name=search_term_string\"}],\"inLanguage\":\"de\"},{\"@type\":\"ImageObject\",\"@id\":\"https:\/\/www.fcschwand.de\/home\/portfolio-item\/fussball\/#primaryimage\",\"inLanguage\":\"de\",\"url\":\"https:\/\/www.fcschwand.de\/wp-content\/uploads\/2020\/03\/Fussball_Portfolio.jpg\",\"width\":422,\"height\":255},{\"@type\":\"WebPage\",\"@id\":\"https:\/\/www.fcschwand.de\/home\/portfolio-item\/fussball\/#webpage\",\"url\":\"https:\/\/www.fcschwand.de\/home\/portfolio-item\/fussball\/\",\"name\":\"Fussball - 1.FC Schwand\",\"isPartOf\":{\"@id\":\"https:\/\/www.fcschwand.de\/home\/#website\"},\"primaryImageOfPage\":{\"@id\":\"https:\/\/www.fcschwand.de\/home\/portfolio-item\/fussball\/#primaryimage\"},\"datePublished\":\"2020-03-02T14:41:28+00:00\",\"dateModified\":\"2024-04-09T16:21:33+00:00\",\"breadcrumb\":{\"@id\":\"https:\/\/www.fcschwand.de\/home\/portfolio-item\/fussball\/#breadcrumb\"},\"inLanguage\":\"de\",\"potentialAction\":[{\"@type\":\"ReadAction\",\"target\":[\"https:\/\/www.fcschwand.de\/home\/portfolio-item\/fussball\/\"]}]},{\"@type\":\"BreadcrumbList\",\"@id\":\"https:\/\/www.fcschwand.de\/home\/portfolio-item\/fussball\/#breadcrumb\",\"itemListElement\":[{\"@type\":\"ListItem\",\"position\":1,\"item\":{\"@type\":\"WebPage\",\"@id\":\"https:\/\/www.fcschwand.de\/home\/1-fc-schwand-sportverein-2\/\",\"url\":\"https:\/\/www.fcschwand.de\/home\/1-fc-schwand-sportverein-2\/\",\"name\":\"Startseite\"}},{\"@type\":\"ListItem\",\"position\":2,\"item\":{\"@type\":\"WebPage\",\"@id\":\"https:\/\/www.fcschwand.de\/home\/portfolio-item\/fussball\/\",\"url\":\"https:\/\/www.fcschwand.de\/home\/portfolio-item\/fussball\/\",\"name\":\"Fussball\"}}]}]}<\/script>\n<!-- \/ Yoast SEO plugin. -->","_links":{"self":[{"href":"https:\/\/www.fcschwand.de\/home\/wp-json\/wp\/v2\/portfolio\/4186"}],"collection":[{"href":"https:\/\/www.fcschwand.de\/home\/wp-json\/wp\/v2\/portfolio"}],"about":[{"href":"https:\/\/www.fcschwand.de\/home\/wp-json\/wp\/v2\/types\/portfolio"}],"replies":[{"embeddable":true,"href":"https:\/\/www.fcschwand.de\/home\/wp-json\/wp\/v2\/comments?post=4186"}],"version-history":[{"count":10,"href":"https:\/\/www.fcschwand.de\/home\/wp-json\/wp\/v2\/portfolio\/4186\/revisions"}],"predecessor-version":[{"id":8093,"href":"https:\/\/www.fcschwand.de\/home\/wp-json\/wp\/v2\/portfolio\/4186\/revisions\/8093"}],"wp:featuredmedia":[{"embeddable":true,"href":"https:\/\/www.fcschwand.de\/home\/wp-json\/wp\/v2\/media\/4698"}],"wp:attachment":[{"href":"https:\/\/www.fcschwand.de\/home\/wp-json\/wp\/v2\/media?parent=4186"}],"wp:term":[{"taxonomy":"post_tag","embeddable":true,"href":"https:\/\/www.fcschwand.de\/home\/wp-json\/wp\/v2\/tags?post=4186"},{"taxonomy":"portfolio_entries","embeddable":true,"href":"https:\/\/www.fcschwand.de\/home\/wp-json\/wp\/v2\/portfolio_entries?post=4186"}],"curies":[{"name":"wp","href":"https:\/\/api.w.org\/{rel}","templated":true}]}}