{"id":8051,"date":"2024-04-09T18:12:07","date_gmt":"2024-04-09T16:12:07","guid":{"rendered":"https:\/\/www.fcschwand.de\/?page_id=8051"},"modified":"2025-07-21T16:40:31","modified_gmt":"2025-07-21T14:40:31","slug":"1-fc-schwand-sportverein-2","status":"publish","type":"page","link":"https:\/\/www.fcschwand.de\/home\/","title":{"rendered":"Home"},"content":{"rendered":"<div id='full_slider_1'  class='avia-fullwidth-slider main_color avia-shadow   avia-builder-el-0  el_before_av_hr  avia-builder-el-first   container_wrap sidebar_right' style=' '  ><div   data-size='featured'  data-lightbox_size='large'  data-animation='slide'  data-conditional_play=''  data-ids='5238'  data-video_counter='0'  data-autoplay='false'  data-bg_slider='false'  data-slide_height=''  data-handle='av_slideshow_full'  data-interval='5'  data-class=' image_no_stretch'  data-el_id=''  data-css_id=''  data-scroll_down=''  data-control_layout='av-control-default'  data-custom_markup=''  data-perma_caption=''  data-autoplay_stopper=''  data-image_attachment=''  data-min_height='50px'  data-lazy_loading='disabled'  data-src=''  data-position='top left'  data-repeat='no-repeat'  data-attach='scroll'  data-stretch='image_no_stretch'  data-default-height='28.666666666667'  class='avia-slideshow avia-slideshow-1  av-control-default av-default-height-applied avia-slideshow-featured av_slideshow_full  image_no_stretch avia-slide-slider '  itemprop=\"image\" itemscope=\"itemscope\" itemtype=\"https:\/\/schema.org\/ImageObject\" ><ul class='avia-slideshow-inner ' style='padding-bottom: 31.432748538012%;' ><li  class=' av-single-slide slide-1 ' ><div data-rel='slideshow-1' class='avia-slide-wrap '   ><div class = \"caption_fullwidth av-slideshow-caption caption_center\"><div class = \"container caption_container\"><div class = \"slideshow_caption\"><div class = \"slideshow_inner_caption\"><div class = \"slideshow_align_caption\"><h2  class='avia-caption-title  '  itemprop=\"name\" >1.FC Schwand e.V.<\/h2><\/div><\/div><\/div><\/div><\/div><img class=\"wp-image-5238 avia-img-lazy-loading-not-5238\"  src=\"https:\/\/www.fcschwand.de\/wp-content\/uploads\/2020\/03\/IMG-20190825-WA0004-1368x430.jpg\" width=\"1368\" height=\"430\" title='IMG-20190825-WA0004' alt=''  itemprop=\"thumbnailUrl\"  style='min-height:50px; min-width:160px; ' \/><\/div><\/li><\/ul><\/div><\/div><div id='after_full_slider_1'  class='main_color av_default_container_wrap container_wrap sidebar_right' style=' '  ><div class='container' ><div class='template-page content  av-content-small alpha units'><div class='post-entry post-entry-type-page post-entry-8051'><div class='entry-content-wrapper clearfix'>\n<div  style='height:1px; margin-top:-50px'  class='hr hr-invisible   avia-builder-el-1  el_after_av_slideshow_full  el_before_av_section  avia-builder-el-no-sibling '><span class='hr-inner ' ><span class='hr-inner-style'><\/span><\/span><\/div>\n<\/div><\/div><\/div><!-- close content main div --><\/div><\/div><div id='av_section_1'  class='avia-section socket_color avia-section-default avia-no-border-styling  av-section-color-overlay-active avia-bg-style-scroll  avia-builder-el-2  el_after_av_hr  el_before_av_hr   container_wrap sidebar_right' style='background-color: #9dc1e8;  '  ><div class='av-section-color-overlay-wrap'><div class='av-section-color-overlay' style='opacity: 0.5; '><\/div><div class='container' ><div class='template-page content  av-content-small alpha units'><div class='post-entry post-entry-type-page post-entry-8051'><div class='entry-content-wrapper clearfix'>\n<div class=\"flex_column av_one_fifth  av-animated-generic right-to-left  flex_column_div av-zero-column-padding first  avia-builder-el-3  el_before_av_three_fifth  avia-builder-el-first  \" style='margin-top:0px; margin-bottom:0px; box-shadow: 0 0 18px 0 rgba(94,94,94,0.74); -webkit-transform: scale(1.3); -ms-transform: scale(1.3); transform: scale(1.3); z-index: 4;border-radius:0px; '><p><div   data-autoplay=''  data-interval='5'  data-animation='fade'  data-show_slide_delay='90'  class='avia-content-slider avia-content-grid-active avia-content-slider1 avia-content-slider-odd  avia-builder-el-4  el_before_av_blog  avia-builder-el-first  '  itemscope=\"itemscope\" itemtype=\"https:\/\/schema.org\/Blog\" ><div class='avia-content-slider-inner'><div class='slide-entry-wrap'><article class='slide-entry flex_column  post-entry post-entry-9084 slide-entry-overview slide-loop-1 slide-parity-odd  post-entry-last  av_fullwidth first real-thumbnail post-format-standard'  itemscope=\"itemscope\" itemtype=\"https:\/\/schema.org\/CreativeWork\" ><a href='https:\/\/www.fcschwand.de\/home\/2026\/03\/10\/nordic-walking-trainer-in-gesucht\/' data-rel='slide-1' class='slide-image' title='Nordic Walking Trainer\/in gesucht'><img width=\"687\" height=\"1030\" src=\"https:\/\/www.fcschwand.de\/wp-content\/uploads\/2026\/04\/Nordic-Walking-Trainer-gesucht_2-687x1030.png\" class=\"wp-image-9158 avia-img-lazy-loading-not-9158 attachment-large size-large wp-post-image\" alt=\"\" srcset=\"https:\/\/www.fcschwand.de\/wp-content\/uploads\/2026\/04\/Nordic-Walking-Trainer-gesucht_2-687x1030.png 687w, https:\/\/www.fcschwand.de\/wp-content\/uploads\/2026\/04\/Nordic-Walking-Trainer-gesucht_2-200x300.png 200w, https:\/\/www.fcschwand.de\/wp-content\/uploads\/2026\/04\/Nordic-Walking-Trainer-gesucht_2-768x1152.png 768w, https:\/\/www.fcschwand.de\/wp-content\/uploads\/2026\/04\/Nordic-Walking-Trainer-gesucht_2-1000x1500.png 1000w, https:\/\/www.fcschwand.de\/wp-content\/uploads\/2026\/04\/Nordic-Walking-Trainer-gesucht_2-470x705.png 470w, https:\/\/www.fcschwand.de\/wp-content\/uploads\/2026\/04\/Nordic-Walking-Trainer-gesucht_2.png 1024w\" sizes=\"(max-width: 687px) 100vw, 687px\" \/><\/a><div class='slide-content'><header class=\"entry-content-header\"><\/header><div class='slide-entry-excerpt entry-content'  itemprop=\"text\" >\r\n\r\n<\/div><\/div><footer class=\"entry-footer\"><div class='slide-meta'><time class='slide-meta-time updated'  itemprop=\"datePublished\" datetime=\"2026-03-10T18:07:45+01:00\" >10. M\u00e4rz 2026<\/time><\/div><\/footer><span class='hidden'>\n\t\t\t\t<span class='av-structured-data'  itemprop=\"image\" itemscope=\"itemscope\" itemtype=\"https:\/\/schema.org\/ImageObject\" >\n\t\t\t\t\t\t<span itemprop='url'>https:\/\/www.fcschwand.de\/wp-content\/uploads\/2026\/04\/Nordic-Walking-Trainer-gesucht_2.png<\/span>\n\t\t\t\t\t\t<span itemprop='height'>1536<\/span>\n\t\t\t\t\t\t<span itemprop='width'>1024<\/span>\n\t\t\t\t<\/span>\n\t\t\t\t<span class='av-structured-data'  itemprop=\"publisher\" itemtype=\"https:\/\/schema.org\/Organization\" itemscope=\"itemscope\" >\n\t\t\t\t\t\t<span itemprop='name'>AlexHeinz<\/span>\n\t\t\t\t\t\t<span itemprop='logo' itemscope itemtype='https:\/\/schema.org\/ImageObject'>\n\t\t\t\t\t\t\t<span itemprop='url'>https:\/\/www.fcschwand.de\/wp-content\/uploads\/2016\/05\/FCS.png<\/span>\n\t\t\t\t\t\t <\/span>\n\t\t\t\t<\/span><span class='av-structured-data'  itemprop=\"author\" itemscope=\"itemscope\" itemtype=\"https:\/\/schema.org\/Person\" ><span itemprop='name'>AlexHeinz<\/span><\/span><span class='av-structured-data'  itemprop=\"datePublished\" datetime=\"2024-04-09T18:12:07+02:00\" >2026-03-10 18:07:45<\/span><span class='av-structured-data'  itemprop=\"dateModified\" itemtype=\"https:\/\/schema.org\/dateModified\" >2026-04-01 15:36:52<\/span><span class='av-structured-data'  itemprop=\"mainEntityOfPage\" itemtype=\"https:\/\/schema.org\/mainEntityOfPage\" ><span itemprop='name'>Nordic Walking Trainer\/in gesucht<\/span><\/span><\/span><\/article><\/div><\/div><\/div><br \/>\n<div   data-autoplay=''  data-interval='5'  data-animation='fade'  data-show_slide_delay='90'  class='avia-content-slider avia-content-grid-active avia-content-slider2 avia-content-slider-odd  avia-builder-el-5  el_after_av_blog  avia-builder-el-last  '  itemscope=\"itemscope\" itemtype=\"https:\/\/schema.org\/Blog\" ><div class='avia-content-slider-inner'><div class='slide-entry-wrap'><article class='slide-entry flex_column  post-entry post-entry-9048 slide-entry-overview slide-loop-1 slide-parity-odd  post-entry-last  av_fullwidth first real-thumbnail post-format-standard'  itemscope=\"itemscope\" itemtype=\"https:\/\/schema.org\/CreativeWork\" ><a href='https:\/\/www.fcschwand.de\/home\/2026\/04\/01\/neuer-kurs\/' data-rel='slide-2' class='slide-image' title='NEUER Kurs'><img width=\"727\" height=\"1030\" src=\"https:\/\/www.fcschwand.de\/wp-content\/uploads\/2026\/04\/mamaworkout-727x1030.jpg\" class=\"wp-image-9195 avia-img-lazy-loading-not-9195 attachment-large size-large wp-post-image\" alt=\"\" srcset=\"https:\/\/www.fcschwand.de\/wp-content\/uploads\/2026\/04\/mamaworkout-727x1030.jpg 727w, https:\/\/www.fcschwand.de\/wp-content\/uploads\/2026\/04\/mamaworkout-212x300.jpg 212w, https:\/\/www.fcschwand.de\/wp-content\/uploads\/2026\/04\/mamaworkout-768x1088.jpg 768w, https:\/\/www.fcschwand.de\/wp-content\/uploads\/2026\/04\/mamaworkout-498x705.jpg 498w, https:\/\/www.fcschwand.de\/wp-content\/uploads\/2026\/04\/mamaworkout.jpg 792w\" sizes=\"(max-width: 727px) 100vw, 727px\" \/><\/a><div class='slide-content'><header class=\"entry-content-header\"><\/header><\/div><footer class=\"entry-footer\"><\/footer><span class='hidden'>\n\t\t\t\t<span class='av-structured-data'  itemprop=\"image\" itemscope=\"itemscope\" itemtype=\"https:\/\/schema.org\/ImageObject\" >\n\t\t\t\t\t\t<span itemprop='url'>https:\/\/www.fcschwand.de\/wp-content\/uploads\/2026\/04\/mamaworkout.jpg<\/span>\n\t\t\t\t\t\t<span itemprop='height'>1122<\/span>\n\t\t\t\t\t\t<span itemprop='width'>792<\/span>\n\t\t\t\t<\/span>\n\t\t\t\t<span class='av-structured-data'  itemprop=\"publisher\" itemtype=\"https:\/\/schema.org\/Organization\" itemscope=\"itemscope\" >\n\t\t\t\t\t\t<span itemprop='name'>AlexHeinz<\/span>\n\t\t\t\t\t\t<span itemprop='logo' itemscope itemtype='https:\/\/schema.org\/ImageObject'>\n\t\t\t\t\t\t\t<span itemprop='url'>https:\/\/www.fcschwand.de\/wp-content\/uploads\/2016\/05\/FCS.png<\/span>\n\t\t\t\t\t\t <\/span>\n\t\t\t\t<\/span><span class='av-structured-data'  itemprop=\"author\" itemscope=\"itemscope\" itemtype=\"https:\/\/schema.org\/Person\" ><span itemprop='name'>AlexHeinz<\/span><\/span><span class='av-structured-data'  itemprop=\"datePublished\" datetime=\"2024-04-09T18:12:07+02:00\" >2026-04-01 08:00:55<\/span><span class='av-structured-data'  itemprop=\"dateModified\" itemtype=\"https:\/\/schema.org\/dateModified\" >2026-04-10 11:45:44<\/span><span class='av-structured-data'  itemprop=\"mainEntityOfPage\" itemtype=\"https:\/\/schema.org\/mainEntityOfPage\" ><span itemprop='name'>NEUER Kurs<\/span><\/span><\/span><\/article><\/div><\/div><\/div><\/p><\/div><div class=\"flex_column av_three_fifth  flex_column_div av-zero-column-padding   avia-builder-el-6  el_after_av_one_fifth  el_before_av_one_fifth  \" style='margin-top:0px; margin-bottom:0px; box-shadow: 0 0 10px 0 rgba(20,122,232,0.81); border-radius:0px; '><p><div  id=\"avia_feature_image_slider_1\"   data-items='3'  data-taxonomy='category'  data-post_type='post, page, attachment, revision, nav_menu_item, custom_css, customize_changeset, oembed_cache, user_request, wp_block, popup, popup_theme, acf-field-group, acf-field, trainer, ff-customcode-item, ff-options, portfolio, avia_framework_post'  data-contents='title_read_more'  data-preview_mode='custom'  data-image_size='no scaling'  data-autoplay=''  data-animation='fade'  data-paginate='no'  data-use_main_query_pagination='no'  data-interval='5'  data-class=''  data-categories='52'  data-wc_prod_visible=''  data-wc_prod_hidden='hide'  data-wc_prod_featured=''  data-prod_order_by=''  data-prod_order=''  data-custom_query=''  data-lightbox_size='large'  data-offset='enforce_duplicates'  data-bg_slider='1'  data-keep_pading='1'  data-custom_markup=''  data-slider_size='16:9'  data-control_layout='av-control-minimal av-control-minimal-dark'  data-overlay_enable='aviaTBoverlay_enable'  data-overlay_opacity='0.5'  data-overlay_color=''  data-overlay_pattern=''  data-overlay_custom_pattern=''  data-date_filter=''  data-date_filter_start=''  data-date_filter_end=''  data-date_filter_format='yy\/mm\/dd'  data-el_id=' id=\"avia_feature_image_slider_1\" '  data-heading_tag='h3'  data-heading_class=''  class='avia-slideshow avia-featureimage-slideshow avia-animated-caption  avia-slideshow-1  av-control-minimal av-control-minimal-dark avia-slideshow-no scaling  avia-fade-slider'  itemprop=\"image\" itemscope=\"itemscope\" itemtype=\"https:\/\/schema.org\/ImageObject\" ><ul class='avia-slideshow-inner avia-slideshow-fixed-height' style='padding-bottom:56.25%'><li data-img-url='https:\/\/www.fcschwand.de\/wp-content\/uploads\/2026\/04\/Vorstand-und-Beisitzer-2026.jpg' class='slide-1  slide-id-9165'><div class=\"caption_fullwidth av-slideshow-caption caption_center\"><div class=\"container caption_container\"><div class=\"slideshow_caption\"><div class=\"slideshow_inner_caption\"><div class=\"slideshow_align_caption\"><h3 class='avia-caption-title  '><a href='https:\/\/www.fcschwand.de\/home\/2026\/04\/02\/jhv-1-fc-schwand-2026\/'>Jahreshauptversammlung des 1. FC Schwand<\/a><\/h3> <a href=\"https:\/\/www.fcschwand.de\/home\/2026\/04\/02\/jhv-1-fc-schwand-2026\/\" class=\"avia-slideshow-button avia-button avia-color-light \" data-duration=\"800\" data-easing=\"easeInOutQuad\">Weiterlesen<\/a><\/div><\/div><\/div><\/div><div class='av-section-color-overlay' style='opacity: 0.5; '><\/div><\/div><\/li><li data-img-url='https:\/\/www.fcschwand.de\/wp-content\/uploads\/2026\/04\/mamaworkout.jpg' class='slide-2  slide-id-9048'><div class=\"caption_fullwidth av-slideshow-caption caption_center\"><div class=\"container caption_container\"><div class=\"slideshow_caption\"><div class=\"slideshow_inner_caption\"><div class=\"slideshow_align_caption\"><h3 class='avia-caption-title  '><a href='https:\/\/www.fcschwand.de\/home\/2026\/04\/01\/neuer-kurs\/'>NEUER Kurs<\/a><\/h3> <a href=\"https:\/\/www.fcschwand.de\/home\/2026\/04\/01\/neuer-kurs\/\" class=\"avia-slideshow-button avia-button avia-color-light \" data-duration=\"800\" data-easing=\"easeInOutQuad\">Weiterlesen<\/a><\/div><\/div><\/div><\/div><div class='av-section-color-overlay' style='opacity: 0.5; '><\/div><\/div><\/li><li data-img-url='https:\/\/www.fcschwand.de\/wp-content\/uploads\/2026\/02\/Kifa-Eindruecke-1.jpeg' class='slide-3  slide-id-9059'><div class=\"caption_fullwidth av-slideshow-caption caption_center\"><div class=\"container caption_container\"><div class=\"slideshow_caption\"><div class=\"slideshow_inner_caption\"><div class=\"slideshow_align_caption\"><h3 class='avia-caption-title  '><a href='https:\/\/www.fcschwand.de\/home\/2026\/02\/15\/fasching-beim-1-fc-schwand\/'>Fasching beim 1. FC Schwand!<\/a><\/h3> <a href=\"https:\/\/www.fcschwand.de\/home\/2026\/02\/15\/fasching-beim-1-fc-schwand\/\" class=\"avia-slideshow-button avia-button avia-color-light \" data-duration=\"800\" data-easing=\"easeInOutQuad\">Weiterlesen<\/a><\/div><\/div><\/div><\/div><div class='av-section-color-overlay' style='opacity: 0.5; '><\/div><\/div><\/li><\/ul><div class='avia-slideshow-arrows avia-slideshow-controls'><a href='#prev' class='prev-slide' aria-hidden='true' data-av_icon='\ue87c' data-av_iconfont='entypo-fontello'>Zur\u00fcck<\/a><a href='#next' class='next-slide' aria-hidden='true' data-av_icon='\ue87d' data-av_iconfont='entypo-fontello'>Weiter<\/a><\/div><div class='avia-slideshow-dots avia-slideshow-controls'><a href='#1' class='goto-slide active' >1<\/a><a href='#2' class='goto-slide ' >2<\/a><a href='#3' class='goto-slide ' >3<\/a><\/div><\/div><br \/>\n<div  style='height:25px' class='hr hr-invisible   avia-builder-el-8  el_after_av_feature_image_slider  el_before_av_blog  avia-builder-el-first '><span class='hr-inner ' ><span class='hr-inner-style'><\/span><\/span><\/div><br \/>\n<div   data-autoplay=''  data-interval='5'  data-animation='fade'  data-show_slide_delay='90'  class='avia-content-slider avia-content-grid-active avia-content-slider3 avia-content-slider-odd  avia-builder-el-9  el_after_av_hr  avia-builder-el-last  '  itemscope=\"itemscope\" itemtype=\"https:\/\/schema.org\/Blog\" ><div class='avia-content-slider-inner'><div class='slide-entry-wrap'><article class='slide-entry flex_column  post-entry post-entry-9059 slide-entry-overview slide-loop-1 slide-parity-odd  av_one_third first real-thumbnail post-format-standard'  itemscope=\"itemscope\" itemtype=\"https:\/\/schema.org\/CreativeWork\" ><a href='https:\/\/www.fcschwand.de\/home\/2026\/02\/15\/fasching-beim-1-fc-schwand\/' data-rel='slide-3' class='slide-image' title='Fasching beim 1. FC Schwand!'><img width=\"495\" height=\"400\" src=\"https:\/\/www.fcschwand.de\/wp-content\/uploads\/2026\/02\/Kifa-Eindruecke-1-495x400.jpeg\" class=\"wp-image-9065 avia-img-lazy-loading-not-9065 attachment-portfolio size-portfolio wp-post-image\" alt=\"\" \/><\/a><div class='slide-content'><header class=\"entry-content-header\"><\/header><\/div><footer class=\"entry-footer\"><\/footer><span class='hidden'>\n\t\t\t\t<span class='av-structured-data'  itemprop=\"image\" itemscope=\"itemscope\" itemtype=\"https:\/\/schema.org\/ImageObject\" >\n\t\t\t\t\t\t<span itemprop='url'>https:\/\/www.fcschwand.de\/wp-content\/uploads\/2026\/02\/Kifa-Eindruecke-1.jpeg<\/span>\n\t\t\t\t\t\t<span itemprop='height'>480<\/span>\n\t\t\t\t\t\t<span itemprop='width'>640<\/span>\n\t\t\t\t<\/span>\n\t\t\t\t<span class='av-structured-data'  itemprop=\"publisher\" itemtype=\"https:\/\/schema.org\/Organization\" itemscope=\"itemscope\" >\n\t\t\t\t\t\t<span itemprop='name'>AlexHeinz<\/span>\n\t\t\t\t\t\t<span itemprop='logo' itemscope itemtype='https:\/\/schema.org\/ImageObject'>\n\t\t\t\t\t\t\t<span itemprop='url'>https:\/\/www.fcschwand.de\/wp-content\/uploads\/2016\/05\/FCS.png<\/span>\n\t\t\t\t\t\t <\/span>\n\t\t\t\t<\/span><span class='av-structured-data'  itemprop=\"author\" itemscope=\"itemscope\" itemtype=\"https:\/\/schema.org\/Person\" ><span itemprop='name'>AlexHeinz<\/span><\/span><span class='av-structured-data'  itemprop=\"datePublished\" datetime=\"2024-04-09T18:12:07+02:00\" >2026-02-15 08:40:57<\/span><span class='av-structured-data'  itemprop=\"dateModified\" itemtype=\"https:\/\/schema.org\/dateModified\" >2026-02-15 08:48:53<\/span><span class='av-structured-data'  itemprop=\"mainEntityOfPage\" itemtype=\"https:\/\/schema.org\/mainEntityOfPage\" ><span itemprop='name'>Fasching beim 1. FC Schwand!<\/span><\/span><\/span><\/article><article class='slide-entry flex_column  post-entry post-entry-9019 slide-entry-overview slide-loop-2 slide-parity-even  av_one_third  real-thumbnail post-format-standard'  itemscope=\"itemscope\" itemtype=\"https:\/\/schema.org\/CreativeWork\" ><a href='https:\/\/www.fcschwand.de\/home\/2025\/12\/15\/erfolge-bei-guertelpruefung-der-esdo\/' data-rel='slide-3' class='slide-image' title='Erfolge bei G\u00fcrtelpr\u00fcfung der ESDO'><img width=\"495\" height=\"400\" src=\"https:\/\/www.fcschwand.de\/wp-content\/uploads\/2025\/12\/2025_12_Erwachsene_u_Meistergrade-495x400.jpg\" class=\"wp-image-9021 avia-img-lazy-loading-not-9021 attachment-portfolio size-portfolio wp-post-image\" alt=\"\" srcset=\"https:\/\/www.fcschwand.de\/wp-content\/uploads\/2025\/12\/2025_12_Erwachsene_u_Meistergrade-495x400.jpg 495w, https:\/\/www.fcschwand.de\/wp-content\/uploads\/2025\/12\/2025_12_Erwachsene_u_Meistergrade-845x684.jpg 845w\" sizes=\"(max-width: 495px) 100vw, 495px\" \/><\/a><div class='slide-content'><header class=\"entry-content-header\"><\/header><\/div><footer class=\"entry-footer\"><\/footer><span class='hidden'>\n\t\t\t\t<span class='av-structured-data'  itemprop=\"image\" itemscope=\"itemscope\" itemtype=\"https:\/\/schema.org\/ImageObject\" >\n\t\t\t\t\t\t<span itemprop='url'>https:\/\/www.fcschwand.de\/wp-content\/uploads\/2025\/12\/2025_12_Erwachsene_u_Meistergrade.jpg<\/span>\n\t\t\t\t\t\t<span itemprop='height'>1377<\/span>\n\t\t\t\t\t\t<span itemprop='width'>2048<\/span>\n\t\t\t\t<\/span>\n\t\t\t\t<span class='av-structured-data'  itemprop=\"publisher\" itemtype=\"https:\/\/schema.org\/Organization\" itemscope=\"itemscope\" >\n\t\t\t\t\t\t<span itemprop='name'>AlexHeinz<\/span>\n\t\t\t\t\t\t<span itemprop='logo' itemscope itemtype='https:\/\/schema.org\/ImageObject'>\n\t\t\t\t\t\t\t<span itemprop='url'>https:\/\/www.fcschwand.de\/wp-content\/uploads\/2016\/05\/FCS.png<\/span>\n\t\t\t\t\t\t <\/span>\n\t\t\t\t<\/span><span class='av-structured-data'  itemprop=\"author\" itemscope=\"itemscope\" itemtype=\"https:\/\/schema.org\/Person\" ><span itemprop='name'>AlexHeinz<\/span><\/span><span class='av-structured-data'  itemprop=\"datePublished\" datetime=\"2024-04-09T18:12:07+02:00\" >2025-12-15 07:45:11<\/span><span class='av-structured-data'  itemprop=\"dateModified\" itemtype=\"https:\/\/schema.org\/dateModified\" >2025-12-15 07:49:21<\/span><span class='av-structured-data'  itemprop=\"mainEntityOfPage\" itemtype=\"https:\/\/schema.org\/mainEntityOfPage\" ><span itemprop='name'>Erfolge bei G\u00fcrtelpr\u00fcfung der ESDO<\/span><\/span><\/span><\/article><article class='slide-entry flex_column  post-entry post-entry-8967 slide-entry-overview slide-loop-3 slide-parity-odd  post-entry-last  av_one_third  real-thumbnail post-format-standard'  itemscope=\"itemscope\" itemtype=\"https:\/\/schema.org\/CreativeWork\" ><a href='https:\/\/www.fcschwand.de\/home\/2025\/12\/10\/weihnachtsauffuehrung-die-zeit-der-turnabteilung\/' data-rel='slide-3' class='slide-image' title='Weihnachtsauff\u00fchrung &#8222;Die Zeit&#8220; der Turnabteilung'><img width=\"495\" height=\"400\" src=\"https:\/\/www.fcschwand.de\/wp-content\/uploads\/2025\/12\/c_fcs_fcschwand_kinderweihnachtsfeier25-Aegypten-5-495x400.jpg\" class=\"wp-image-8999 avia-img-lazy-loading-not-8999 attachment-portfolio size-portfolio wp-post-image\" alt=\"\" srcset=\"https:\/\/www.fcschwand.de\/wp-content\/uploads\/2025\/12\/c_fcs_fcschwand_kinderweihnachtsfeier25-Aegypten-5-495x400.jpg 495w, https:\/\/www.fcschwand.de\/wp-content\/uploads\/2025\/12\/c_fcs_fcschwand_kinderweihnachtsfeier25-Aegypten-5-845x684.jpg 845w\" sizes=\"(max-width: 495px) 100vw, 495px\" \/><\/a><div class='slide-content'><header class=\"entry-content-header\"><\/header><\/div><footer class=\"entry-footer\"><\/footer><span class='hidden'>\n\t\t\t\t<span class='av-structured-data'  itemprop=\"image\" itemscope=\"itemscope\" itemtype=\"https:\/\/schema.org\/ImageObject\" >\n\t\t\t\t\t\t<span itemprop='url'>https:\/\/www.fcschwand.de\/wp-content\/uploads\/2025\/12\/c_fcs_fcschwand_kinderweihnachtsfeier25-Aegypten-5-scaled.jpg<\/span>\n\t\t\t\t\t\t<span itemprop='height'>1702<\/span>\n\t\t\t\t\t\t<span itemprop='width'>2560<\/span>\n\t\t\t\t<\/span>\n\t\t\t\t<span class='av-structured-data'  itemprop=\"publisher\" itemtype=\"https:\/\/schema.org\/Organization\" itemscope=\"itemscope\" >\n\t\t\t\t\t\t<span itemprop='name'>AlexHeinz<\/span>\n\t\t\t\t\t\t<span itemprop='logo' itemscope itemtype='https:\/\/schema.org\/ImageObject'>\n\t\t\t\t\t\t\t<span itemprop='url'>https:\/\/www.fcschwand.de\/wp-content\/uploads\/2016\/05\/FCS.png<\/span>\n\t\t\t\t\t\t <\/span>\n\t\t\t\t<\/span><span class='av-structured-data'  itemprop=\"author\" itemscope=\"itemscope\" itemtype=\"https:\/\/schema.org\/Person\" ><span itemprop='name'>AlexHeinz<\/span><\/span><span class='av-structured-data'  itemprop=\"datePublished\" datetime=\"2024-04-09T18:12:07+02:00\" >2025-12-10 15:59:38<\/span><span class='av-structured-data'  itemprop=\"dateModified\" itemtype=\"https:\/\/schema.org\/dateModified\" >2025-12-10 16:05:25<\/span><span class='av-structured-data'  itemprop=\"mainEntityOfPage\" itemtype=\"https:\/\/schema.org\/mainEntityOfPage\" ><span itemprop='name'>Weihnachtsauff\u00fchrung &#8222;Die Zeit&#8220; der Turnabteilung<\/span><\/span><\/span><\/article><\/div><\/div><div class='pagination-wrap pagination-slider'><nav class='pagination'><span class='pagination-meta'>Seite 1 von 11<\/span><span class='current'>1<\/span><a href='https:\/\/www.fcschwand.de\/home\/wp-json\/wp\/v2\/pages\/8051?avia-element-paging=2' class='inactive next_page' >2<\/a><a href='https:\/\/www.fcschwand.de\/home\/wp-json\/wp\/v2\/pages\/8051?avia-element-paging=3' class='inactive' >3<\/a><a href='https:\/\/www.fcschwand.de\/home\/wp-json\/wp\/v2\/pages\/8051?avia-element-paging=2'>&rsaquo;<\/a><a href='https:\/\/www.fcschwand.de\/home\/wp-json\/wp\/v2\/pages\/8051?avia-element-paging=11'>&raquo;<\/a><\/nav>\n<\/div><\/div><\/p><\/div><div class=\"flex_column av_one_fifth  av-animated-generic right-to-left  avia-full-contain flex_column_div av-zero-column-padding   avia-builder-el-10  el_after_av_three_fifth  avia-builder-el-last  \" style='margin-top:0px; margin-bottom:0px; box-shadow: 0 0 10px 0 rgba(123,176,231,0.85); -webkit-transform: scale(1.1); -ms-transform: scale(1.1); transform: scale(1.1); z-index: 4;border-radius:0px; '><div  class='av-alb-blogposts template-blog  av-blog-meta-author-disabled av-blog-meta-comments-disabled av-blog-meta-category-disabled av-blog-meta-date-disabled av-blog-meta-html-info-disabled av-blog-meta-tag-disabled '  itemscope=\"itemscope\" itemtype=\"https:\/\/schema.org\/Blog\" ><article class='post-entry post-entry-type-standard post-entry-8930 post-loop-1 post-parity-odd bloglist-compact with-slider post-8930 post type-post status-publish format-standard has-post-thumbnail hentry category-aktuelles-beim-fc-schwand category-esdo category-news category-startseite category-turnen'  itemscope=\"itemscope\" itemtype=\"https:\/\/schema.org\/BlogPosting\" ><div class='blog-meta'><\/div><div class='entry-content-wrapper clearfix standard-content'><header class=\"entry-content-header\"><span class=' fallback-post-type-icon' aria-hidden='true' data-av_icon='\ue836' data-av_iconfont='entypo-fontello'><\/span><h2 class='post-title entry-title '  itemprop=\"headline\" >\t<a href='https:\/\/www.fcschwand.de\/home\/2025\/11\/30\/esdo-deutsche-meisterschaft-2025\/' rel='bookmark' title='Permanenter Link zu: ESDO Deutsche Meisterschaft 2025'>ESDO Deutsche Meisterschaft 2025\t\t\t<span class='post-format-icon minor-meta'><\/span>\t<\/a><\/h2><\/header><footer class=\"entry-footer\"><\/footer><div class='post_delimiter'><\/div><\/div><div class='post_author_timeline'><\/div><span class='hidden'>\n\t\t\t\t<span class='av-structured-data'  itemprop=\"image\" itemscope=\"itemscope\" itemtype=\"https:\/\/schema.org\/ImageObject\" >\n\t\t\t\t\t\t<span itemprop='url'>https:\/\/www.fcschwand.de\/wp-content\/uploads\/2025\/11\/Gruppenbild-DM-2025-scaled.jpg<\/span>\n\t\t\t\t\t\t<span itemprop='height'>1689<\/span>\n\t\t\t\t\t\t<span itemprop='width'>2560<\/span>\n\t\t\t\t<\/span>\n\t\t\t\t<span class='av-structured-data'  itemprop=\"publisher\" itemtype=\"https:\/\/schema.org\/Organization\" itemscope=\"itemscope\" >\n\t\t\t\t\t\t<span itemprop='name'>AlexHeinz<\/span>\n\t\t\t\t\t\t<span itemprop='logo' itemscope itemtype='https:\/\/schema.org\/ImageObject'>\n\t\t\t\t\t\t\t<span itemprop='url'>https:\/\/www.fcschwand.de\/wp-content\/uploads\/2016\/05\/FCS.png<\/span>\n\t\t\t\t\t\t <\/span>\n\t\t\t\t<\/span><span class='av-structured-data'  itemprop=\"author\" itemscope=\"itemscope\" itemtype=\"https:\/\/schema.org\/Person\" ><span itemprop='name'>AlexHeinz<\/span><\/span><span class='av-structured-data'  itemprop=\"datePublished\" datetime=\"2025-11-30T09:56:13+01:00\" >2025-11-30 09:56:13<\/span><span class='av-structured-data'  itemprop=\"dateModified\" itemtype=\"https:\/\/schema.org\/dateModified\" >2025-11-30 10:00:15<\/span><span class='av-structured-data'  itemprop=\"mainEntityOfPage\" itemtype=\"https:\/\/schema.org\/mainEntityOfPage\" ><span itemprop='name'>ESDO Deutsche Meisterschaft 2025<\/span><\/span><\/span><\/article><article class='post-entry post-entry-type-standard post-entry-8817 post-loop-2 post-parity-even bloglist-compact with-slider post-8817 post type-post status-publish format-standard has-post-thumbnail hentry category-aktuelles-beim-fc-schwand category-news category-startseite category-turnen'  itemscope=\"itemscope\" itemtype=\"https:\/\/schema.org\/BlogPosting\" ><div class='blog-meta'><\/div><div class='entry-content-wrapper clearfix standard-content'><header class=\"entry-content-header\"><span class=' fallback-post-type-icon' aria-hidden='true' data-av_icon='\ue836' data-av_iconfont='entypo-fontello'><\/span><h2 class='post-title entry-title '  itemprop=\"headline\" >\t<a href='https:\/\/www.fcschwand.de\/home\/2025\/07\/03\/akrobatik-sagt-danke-den-sponsoren\/' rel='bookmark' title='Permanenter Link zu: Akrobatik sagt Danke den Sponsoren'>Akrobatik sagt Danke den Sponsoren\t\t\t<span class='post-format-icon minor-meta'><\/span>\t<\/a><\/h2><\/header><footer class=\"entry-footer\"><\/footer><div class='post_delimiter'><\/div><\/div><div class='post_author_timeline'><\/div><span class='hidden'>\n\t\t\t\t<span class='av-structured-data'  itemprop=\"image\" itemscope=\"itemscope\" itemtype=\"https:\/\/schema.org\/ImageObject\" >\n\t\t\t\t\t\t<span itemprop='url'>https:\/\/www.fcschwand.de\/wp-content\/uploads\/2025\/07\/DAnke-Sponsoren-Akrobatik-2-pdf.jpg<\/span>\n\t\t\t\t\t\t<span itemprop='height'>1088<\/span>\n\t\t\t\t\t\t<span itemprop='width'>1498<\/span>\n\t\t\t\t<\/span>\n\t\t\t\t<span class='av-structured-data'  itemprop=\"publisher\" itemtype=\"https:\/\/schema.org\/Organization\" itemscope=\"itemscope\" >\n\t\t\t\t\t\t<span itemprop='name'>AlexHeinz<\/span>\n\t\t\t\t\t\t<span itemprop='logo' itemscope itemtype='https:\/\/schema.org\/ImageObject'>\n\t\t\t\t\t\t\t<span itemprop='url'>https:\/\/www.fcschwand.de\/wp-content\/uploads\/2016\/05\/FCS.png<\/span>\n\t\t\t\t\t\t <\/span>\n\t\t\t\t<\/span><span class='av-structured-data'  itemprop=\"author\" itemscope=\"itemscope\" itemtype=\"https:\/\/schema.org\/Person\" ><span itemprop='name'>AlexHeinz<\/span><\/span><span class='av-structured-data'  itemprop=\"datePublished\" datetime=\"2025-07-03T11:25:15+02:00\" >2025-07-03 11:25:15<\/span><span class='av-structured-data'  itemprop=\"dateModified\" itemtype=\"https:\/\/schema.org\/dateModified\" >2025-07-03 11:25:15<\/span><span class='av-structured-data'  itemprop=\"mainEntityOfPage\" itemtype=\"https:\/\/schema.org\/mainEntityOfPage\" ><span itemprop='name'>Akrobatik sagt Danke den Sponsoren<\/span><\/span><\/span><\/article><article class='post-entry post-entry-type-standard post-entry-8808 post-loop-3 post-parity-odd bloglist-compact with-slider post-8808 post type-post status-publish format-standard has-post-thumbnail hentry category-aktuelles-beim-fc-schwand category-news category-startseite'  itemscope=\"itemscope\" itemtype=\"https:\/\/schema.org\/BlogPosting\" ><div class='blog-meta'><\/div><div class='entry-content-wrapper clearfix standard-content'><header class=\"entry-content-header\"><span class=' fallback-post-type-icon' aria-hidden='true' data-av_icon='\ue836' data-av_iconfont='entypo-fontello'><\/span><h2 class='post-title entry-title '  itemprop=\"headline\" >\t<a href='https:\/\/www.fcschwand.de\/home\/2025\/06\/15\/fahrt-nach-frankreich\/' rel='bookmark' title='Permanenter Link zu: Fahrt nach Frankreich'>Fahrt nach Frankreich\t\t\t<span class='post-format-icon minor-meta'><\/span>\t<\/a><\/h2><\/header><footer class=\"entry-footer\"><\/footer><div class='post_delimiter'><\/div><\/div><div class='post_author_timeline'><\/div><span class='hidden'>\n\t\t\t\t<span class='av-structured-data'  itemprop=\"image\" itemscope=\"itemscope\" itemtype=\"https:\/\/schema.org\/ImageObject\" >\n\t\t\t\t\t\t<span itemprop='url'>https:\/\/www.fcschwand.de\/wp-content\/uploads\/2025\/07\/17bee3db-48b7-4a29-a3ba-3c9b55fff312.jpg<\/span>\n\t\t\t\t\t\t<span itemprop='height'>1200<\/span>\n\t\t\t\t\t\t<span itemprop='width'>1600<\/span>\n\t\t\t\t<\/span>\n\t\t\t\t<span class='av-structured-data'  itemprop=\"publisher\" itemtype=\"https:\/\/schema.org\/Organization\" itemscope=\"itemscope\" >\n\t\t\t\t\t\t<span itemprop='name'>AlexHeinz<\/span>\n\t\t\t\t\t\t<span itemprop='logo' itemscope itemtype='https:\/\/schema.org\/ImageObject'>\n\t\t\t\t\t\t\t<span itemprop='url'>https:\/\/www.fcschwand.de\/wp-content\/uploads\/2016\/05\/FCS.png<\/span>\n\t\t\t\t\t\t <\/span>\n\t\t\t\t<\/span><span class='av-structured-data'  itemprop=\"author\" itemscope=\"itemscope\" itemtype=\"https:\/\/schema.org\/Person\" ><span itemprop='name'>AlexHeinz<\/span><\/span><span class='av-structured-data'  itemprop=\"datePublished\" datetime=\"2025-06-15T11:15:31+02:00\" >2025-06-15 11:15:31<\/span><span class='av-structured-data'  itemprop=\"dateModified\" itemtype=\"https:\/\/schema.org\/dateModified\" >2025-07-21 16:49:42<\/span><span class='av-structured-data'  itemprop=\"mainEntityOfPage\" itemtype=\"https:\/\/schema.org\/mainEntityOfPage\" ><span itemprop='name'>Fahrt nach Frankreich<\/span><\/span><\/span><\/article><article class='post-entry post-entry-type-standard post-entry-8875 post-loop-4 post-parity-even post-entry-last bloglist-compact with-slider post-8875 post type-post status-publish format-standard has-post-thumbnail hentry category-aktuelles-beim-fc-schwand category-news category-turnen'  itemscope=\"itemscope\" itemtype=\"https:\/\/schema.org\/BlogPosting\" ><div class='blog-meta'><\/div><div class='entry-content-wrapper clearfix standard-content'><header class=\"entry-content-header\"><span class=' fallback-post-type-icon' aria-hidden='true' data-av_icon='\ue836' data-av_iconfont='entypo-fontello'><\/span><h2 class='post-title entry-title '  itemprop=\"headline\" >\t<a href='https:\/\/www.fcschwand.de\/home\/2025\/05\/26\/trainingslager-akrobatik\/' rel='bookmark' title='Permanenter Link zu: Trainingslager Akrobatik'>Trainingslager Akrobatik\t\t\t<span class='post-format-icon minor-meta'><\/span>\t<\/a><\/h2><\/header><footer class=\"entry-footer\"><\/footer><div class='post_delimiter'><\/div><\/div><div class='post_author_timeline'><\/div><span class='hidden'>\n\t\t\t\t<span class='av-structured-data'  itemprop=\"image\" itemscope=\"itemscope\" itemtype=\"https:\/\/schema.org\/ImageObject\" >\n\t\t\t\t\t\t<span itemprop='url'>https:\/\/www.fcschwand.de\/wp-content\/uploads\/2025\/07\/Teambuilding.jpg<\/span>\n\t\t\t\t\t\t<span itemprop='height'>1512<\/span>\n\t\t\t\t\t\t<span itemprop='width'>2016<\/span>\n\t\t\t\t<\/span>\n\t\t\t\t<span class='av-structured-data'  itemprop=\"publisher\" itemtype=\"https:\/\/schema.org\/Organization\" itemscope=\"itemscope\" >\n\t\t\t\t\t\t<span itemprop='name'>AlexHeinz<\/span>\n\t\t\t\t\t\t<span itemprop='logo' itemscope itemtype='https:\/\/schema.org\/ImageObject'>\n\t\t\t\t\t\t\t<span itemprop='url'>https:\/\/www.fcschwand.de\/wp-content\/uploads\/2016\/05\/FCS.png<\/span>\n\t\t\t\t\t\t <\/span>\n\t\t\t\t<\/span><span class='av-structured-data'  itemprop=\"author\" itemscope=\"itemscope\" itemtype=\"https:\/\/schema.org\/Person\" ><span itemprop='name'>AlexHeinz<\/span><\/span><span class='av-structured-data'  itemprop=\"datePublished\" datetime=\"2025-05-26T16:33:49+02:00\" >2025-05-26 16:33:49<\/span><span class='av-structured-data'  itemprop=\"dateModified\" itemtype=\"https:\/\/schema.org\/dateModified\" >2025-07-21 16:48:29<\/span><span class='av-structured-data'  itemprop=\"mainEntityOfPage\" itemtype=\"https:\/\/schema.org\/mainEntityOfPage\" ><span itemprop='name'>Trainingslager Akrobatik<\/span><\/span><\/span><\/article><\/div><\/div><\/div><\/div><\/div><!-- close content main div --><\/div><div class='av-extra-border-element border-extra-diagonal border-extra-diagonal-inverse diagonal-box-shadow'><div class='av-extra-border-outer'><div class='av-extra-border-inner' ><\/div><\/div><\/div><\/div><\/div><div id='after_section_1'  class='main_color av_default_container_wrap container_wrap sidebar_right' style=' '  ><div class='container' ><div class='template-page content  av-content-small alpha units'><div class='post-entry post-entry-type-page post-entry-8051'><div class='entry-content-wrapper clearfix'><div   class='hr hr-default  '><span class='hr-inner ' ><span class='hr-inner-style'><\/span><\/span><\/div><\/p>\n<div id='av-masonry-1' class='av-masonry  noHover av-fixed-size av-large-gap av-hover-overlay-active av-masonry-animation-active av-masonry-col-4 av-caption-always av-caption-style-    ' style='background-color:#191919; ' ><div class='av-masonry-container isotope av-js-disabled ' ><div class='av-masonry-entry isotope-item av-masonry-item-no-image '><\/div><a href=\"https:\/\/www.fcschwand.de\/home\/portfolio-item\/turnen\/\"  id='av-masonry-1-item-872' data-av-masonry-item='872' class='av-masonry-entry isotope-item post-872 portfolio type-portfolio status-publish has-post-thumbnail hentry portfolio_entries-abteilungen  av-masonry-item-with-image' title=\"Turnen_Portfolio\"  itemscope=\"itemscope\" itemtype=\"https:\/\/schema.org\/BlogPosting\" itemprop=\"blogPost\" ><div class='av-inner-masonry-sizer'><\/div><figure class='av-inner-masonry main_color'><div class=\"av-masonry-outerimage-container\"><div class=\"av-masonry-image-container\" style=\"background-image: url(https:\/\/www.fcschwand.de\/wp-content\/uploads\/2020\/03\/Turnen_Portfolio.jpg);\" title=\"Turnen_Portfolio\" ><\/div><\/div><figcaption class='av-inner-masonry-content site-background'><div class='av-inner-masonry-content-pos'><div class='av-inner-masonry-content-pos-content'><div class='avia-arrow'><\/div><h3 class='av-masonry-entry-title entry-title '  itemprop=\"headline\" >Turnen<\/h3><div class='av-masonry-entry-content entry-content'  itemprop=\"text\" >Abteilung Turnen<\/div><\/div><\/div><\/figcaption><\/figure><\/a><!--end av-masonry entry--><a href=\"https:\/\/www.fcschwand.de\/home\/portfolio-item\/handball\/\"  id='av-masonry-1-item-4183' data-av-masonry-item='4183' class='av-masonry-entry isotope-item post-4183 portfolio type-portfolio status-publish has-post-thumbnail hentry portfolio_entries-abteilungen  av-masonry-item-with-image' title=\"Handball_Portfolio\"  itemscope=\"itemscope\" itemtype=\"https:\/\/schema.org\/BlogPosting\" itemprop=\"blogPost\" ><div class='av-inner-masonry-sizer'><\/div><figure class='av-inner-masonry main_color'><div class=\"av-masonry-outerimage-container\"><div class=\"av-masonry-image-container\" style=\"background-image: url(https:\/\/www.fcschwand.de\/wp-content\/uploads\/2020\/03\/Handball_Portfolio.jpg);\" title=\"Handball_Portfolio\" ><\/div><\/div><figcaption class='av-inner-masonry-content site-background'><div class='av-inner-masonry-content-pos'><div class='av-inner-masonry-content-pos-content'><div class='avia-arrow'><\/div><h3 class='av-masonry-entry-title entry-title '  itemprop=\"headline\" >Handball<\/h3><div class='av-masonry-entry-content entry-content'  itemprop=\"text\" >Abteilung Handball<\/div><\/div><\/div><\/figcaption><\/figure><\/a><!--end av-masonry entry--><a href=\"https:\/\/www.fcschwand.de\/home\/portfolio-item\/fussball\/\"  id='av-masonry-1-item-4186' data-av-masonry-item='4186' class='av-masonry-entry isotope-item post-4186 portfolio type-portfolio status-publish has-post-thumbnail hentry portfolio_entries-abteilungen  av-masonry-item-with-image' title=\"Fussball_Portfolio\"  itemscope=\"itemscope\" itemtype=\"https:\/\/schema.org\/BlogPosting\" itemprop=\"blogPost\" ><div class='av-inner-masonry-sizer'><\/div><figure class='av-inner-masonry main_color'><div class=\"av-masonry-outerimage-container\"><div class=\"av-masonry-image-container\" style=\"background-image: url(https:\/\/www.fcschwand.de\/wp-content\/uploads\/2020\/03\/Fussball_Portfolio.jpg);\" title=\"Fussball_Portfolio\" ><\/div><\/div><figcaption class='av-inner-masonry-content site-background'><div class='av-inner-masonry-content-pos'><div class='av-inner-masonry-content-pos-content'><div class='avia-arrow'><\/div><h3 class='av-masonry-entry-title entry-title '  itemprop=\"headline\" >Fussball<\/h3><div class='av-masonry-entry-content entry-content'  itemprop=\"text\" >Abteilung Fussball<\/div><\/div><\/div><\/figcaption><\/figure><\/a><!--end av-masonry entry--><a href=\"https:\/\/www.fcschwand.de\/home\/portfolio-item\/tennis\/\"  id='av-masonry-1-item-4187' data-av-masonry-item='4187' class='av-masonry-entry isotope-item post-4187 portfolio type-portfolio status-publish has-post-thumbnail hentry portfolio_entries-abteilungen  av-masonry-item-with-image' title=\"Tennis_Portfolio\"  itemscope=\"itemscope\" itemtype=\"https:\/\/schema.org\/BlogPosting\" itemprop=\"blogPost\" ><div class='av-inner-masonry-sizer'><\/div><figure class='av-inner-masonry main_color'><div class=\"av-masonry-outerimage-container\"><div class=\"av-masonry-image-container\" style=\"background-image: url(https:\/\/www.fcschwand.de\/wp-content\/uploads\/2020\/03\/Tennis_Portfolio.jpg);\" title=\"Tennis_Portfolio\" ><\/div><\/div><figcaption class='av-inner-masonry-content site-background'><div class='av-inner-masonry-content-pos'><div class='av-inner-masonry-content-pos-content'><div class='avia-arrow'><\/div><h3 class='av-masonry-entry-title entry-title '  itemprop=\"headline\" >Tennis<\/h3><div class='av-masonry-entry-content entry-content'  itemprop=\"text\" >Abteilung Tennis<\/div><\/div><\/div><\/figcaption><\/figure><\/a><!--end av-masonry entry--><a href=\"https:\/\/www.fcschwand.de\/home\/portfolio-item\/tischtennis\/\"  id='av-masonry-1-item-4195' data-av-masonry-item='4195' class='av-masonry-entry isotope-item post-4195 portfolio type-portfolio status-publish has-post-thumbnail hentry portfolio_entries-abteilungen  av-masonry-item-with-image' title=\"Tischtennis_Portfolio\"  itemscope=\"itemscope\" itemtype=\"https:\/\/schema.org\/BlogPosting\" itemprop=\"blogPost\" ><div class='av-inner-masonry-sizer'><\/div><figure class='av-inner-masonry main_color'><div class=\"av-masonry-outerimage-container\"><div class=\"av-masonry-image-container\" style=\"background-image: url(https:\/\/www.fcschwand.de\/wp-content\/uploads\/2020\/03\/Tischtennis_Portfolio.jpg);\" title=\"Tischtennis_Portfolio\" ><\/div><\/div><figcaption class='av-inner-masonry-content site-background'><div class='av-inner-masonry-content-pos'><div class='av-inner-masonry-content-pos-content'><div class='avia-arrow'><\/div><h3 class='av-masonry-entry-title entry-title '  itemprop=\"headline\" >Tischtennis<\/h3><div class='av-masonry-entry-content entry-content'  itemprop=\"text\" >Abteilung Tischtennis<\/div><\/div><\/div><\/figcaption><\/figure><\/a><!--end av-masonry entry--><a href=\"https:\/\/www.fcschwand.de\/home\/portfolio-item\/selbstverteidigung\/\"  id='av-masonry-1-item-4974' data-av-masonry-item='4974' class='av-masonry-entry isotope-item post-4974 portfolio type-portfolio status-publish has-post-thumbnail hentry portfolio_entries-abteilungen  av-masonry-item-with-image' title=\"ESDO_Portfolio\"  itemscope=\"itemscope\" itemtype=\"https:\/\/schema.org\/BlogPosting\" itemprop=\"blogPost\" ><div class='av-inner-masonry-sizer'><\/div><figure class='av-inner-masonry main_color'><div class=\"av-masonry-outerimage-container\"><div class=\"av-masonry-image-container\" style=\"background-image: url(https:\/\/www.fcschwand.de\/wp-content\/uploads\/2020\/03\/ESDO_Portfolio.jpg);\" title=\"ESDO_Portfolio\" ><\/div><\/div><figcaption class='av-inner-masonry-content site-background'><div class='av-inner-masonry-content-pos'><div class='av-inner-masonry-content-pos-content'><div class='avia-arrow'><\/div><h3 class='av-masonry-entry-title entry-title '  itemprop=\"headline\" >Selbstverteidigung<\/h3><div class='av-masonry-entry-content entry-content'  itemprop=\"text\" >Abteilung ESDO<\/div><\/div><\/div><\/figcaption><\/figure><\/a><!--end av-masonry entry--><a href=\"https:\/\/www.fcschwand.de\/home\/portfolio-item\/vollyball\/\"  id='av-masonry-1-item-5058' data-av-masonry-item='5058' class='av-masonry-entry isotope-item post-5058 portfolio type-portfolio status-publish has-post-thumbnail hentry portfolio_entries-abteilungen  av-masonry-item-with-image' title=\"Vollyball_101192391\"  itemscope=\"itemscope\" itemtype=\"https:\/\/schema.org\/BlogPosting\" itemprop=\"blogPost\" ><div class='av-inner-masonry-sizer'><\/div><figure class='av-inner-masonry main_color'><div class=\"av-masonry-outerimage-container\"><div class=\"av-masonry-image-container\" style=\"background-image: url(https:\/\/www.fcschwand.de\/wp-content\/uploads\/2020\/03\/Vollyball_101192391-705x588.jpg);\" title=\"Vollyball_101192391\" ><\/div><\/div><figcaption class='av-inner-masonry-content site-background'><div class='av-inner-masonry-content-pos'><div class='av-inner-masonry-content-pos-content'><div class='avia-arrow'><\/div><h3 class='av-masonry-entry-title entry-title '  itemprop=\"headline\" >Volleyball<\/h3><div class='av-masonry-entry-content entry-content'  itemprop=\"text\" >Volleyball<\/div><\/div><\/div><\/figcaption><\/figure><\/a><!--end av-masonry entry--><\/div><\/div>\n<\/div><\/div><\/div><!-- close content main div --><\/div><\/div><div id='full_slider_2'  class='avia-fullwidth-slider main_color avia-shadow    container_wrap sidebar_right' style=' '  ><div   data-size='featured'  data-lightbox_size='large'  data-animation='fade'  data-conditional_play=''  data-ids='4453,1284,4488,4438,4421,5007,4978'  data-video_counter='0'  data-autoplay='true'  data-bg_slider='false'  data-slide_height=''  data-handle='av_slideshow_full'  data-interval='5'  data-class=' '  data-el_id=''  data-css_id=''  data-scroll_down=''  data-control_layout='av-control-minimal'  data-custom_markup=''  data-perma_caption=''  data-autoplay_stopper=''  data-image_attachment=''  data-min_height='0px'  data-lazy_loading='disabled'  data-src=''  data-position='top left'  data-repeat='no-repeat'  data-attach='scroll'  data-stretch=''  data-default-height='28.666666666667'  class='avia-slideshow avia-slideshow-2  av-control-minimal av-default-height-applied avia-slideshow-featured av_slideshow_full   avia-fade-slider '  itemprop=\"image\" itemscope=\"itemscope\" itemtype=\"https:\/\/schema.org\/ImageObject\" ><ul class='avia-slideshow-inner ' style='padding-bottom: 28.666666666667%;' ><li  class=' slide-1 ' ><div data-rel='slideshow-2' class='avia-slide-wrap '   ><div class = \"caption_fullwidth av-slideshow-caption caption_center\"><div class = \"container caption_container\"><div class = \"slideshow_caption\"><div class = \"slideshow_inner_caption\"><div class = \"slideshow_align_caption\"><h2  style='font-size:70px; ' class='avia-caption-title  '  itemprop=\"name\" >Abteilung <strong>Turnen<\/strong><\/h2><div class='avia-caption-content  av_inherit_color'  itemprop=\"description\"   style='font-size:38px; '><p>BEGINNE DEIN N\u00c4CHSTES WORKOUT<\/p>\n<\/div><a href='https:\/\/www.fcschwand.de\/portfolio-item\/turnen\/'  class='avia-slideshow-button avia-button avia-color-light ' data-duration='800' data-easing='easeInOutQuad'>schau vorbei<\/a><\/div><\/div><\/div><\/div><\/div><img class=\"wp-image-4453 avia-img-lazy-loading-not-4453\"  src=\"https:\/\/www.fcschwand.de\/wp-content\/uploads\/2017\/06\/Workout_1500195341-11-1500x430.jpg\" width=\"1500\" height=\"430\" title='Workout_1500195341 (11)' alt=''  itemprop=\"thumbnailUrl\" \/><div class='av-section-color-overlay' style='opacity: 0.4; background-color: #0a0a0a; '><\/div><\/div><\/li><li  class=' slide-2 ' ><div data-rel='slideshow-2' class='avia-slide-wrap '   ><div class = \"caption_fullwidth av-slideshow-caption caption_center\"><div class = \"container caption_container\"><div class = \"slideshow_caption\"><div class = \"slideshow_inner_caption\"><div class = \"slideshow_align_caption\"><h2  style='font-size:70px; ' class='avia-caption-title  '  itemprop=\"name\" >Abteilung <strong>Fussball<\/strong><\/h2><div class='avia-caption-content  av_inherit_color'  itemprop=\"description\"   style='font-size:38px; '><p>WIR SUCHEN DICH. ENTDECKE DEIN TALENT F\u00dcR FUSSBALL.<\/p>\n<\/div><a href='https:\/\/www.fcschwand.de\/portfolio-item\/fussball\/'  class='avia-slideshow-button avia-button avia-color-red ' data-duration='800' data-easing='easeInOutQuad'>DIE TALENTSUCHE<\/a><\/div><\/div><\/div><\/div><\/div><img class=\"wp-image-1284 avia-img-lazy-loading-not-1284\"  src=\"https:\/\/www.fcschwand.de\/wp-content\/uploads\/2016\/02\/shutterstock_436082644-1500x430.png\" width=\"1500\" height=\"430\" title='shutterstock_436082644' alt=''  itemprop=\"thumbnailUrl\" \/><div class='av-section-color-overlay' style='opacity: 0.7; background-color: #000000; '><\/div><\/div><\/li><li  class=' slide-3 ' ><div data-rel='slideshow-2' class='avia-slide-wrap '   ><div class = \"caption_fullwidth av-slideshow-caption caption_center\"><div class = \"container caption_container\"><div class = \"slideshow_caption\"><div class = \"slideshow_inner_caption\"><div class = \"slideshow_align_caption\"><h2  style='font-size:70px; ' class='avia-caption-title  '  itemprop=\"name\" >Abteilung <strong>Handball<\/strong><\/h2><div class='avia-caption-content  av_inherit_color'  itemprop=\"description\"   style='font-size:38px; '><p>WIR SUCHEN IMMER VERST\u00c4RKUNG.<\/p>\n<\/div><a href=''  class='avia-slideshow-button avia-button avia-color-light ' data-duration='800' data-easing='easeInOutQuad'>intressiert<\/a><\/div><\/div><\/div><\/div><\/div><img class=\"wp-image-4488 avia-img-lazy-loading-not-4488\"  src=\"https:\/\/www.fcschwand.de\/wp-content\/uploads\/2020\/03\/Handball_1500195341-9-1500x430.jpg\" width=\"1500\" height=\"430\" title='Handball_1500195341 (9)' alt=''  itemprop=\"thumbnailUrl\" \/><div class='av-section-color-overlay' style='opacity: 0.3; background-color: #0a0a0a; '><\/div><\/div><\/li><li  class=' slide-4 ' ><div data-rel='slideshow-2' class='avia-slide-wrap '   ><div class = \"caption_fullwidth av-slideshow-caption caption_left\"><div class = \"container caption_container\"><div class = \"slideshow_caption\"><div class = \"slideshow_inner_caption\"><div class = \"slideshow_align_caption\"><h2  style='font-size:70px; ' class='avia-caption-title  '  itemprop=\"name\" >Abteilung <strong>Tennis<\/strong><\/h2><div class='avia-caption-content  av_inherit_color'  itemprop=\"description\"   style='font-size:38px; '><p>TRAINING F\u00dcR GRO\u00df &amp; KLEIN.<\/p>\n<\/div><a href='https:\/\/www.fcschwand.de\/portfolio-item\/tennis\/'  class='avia-slideshow-button avia-button avia-color-light ' data-duration='800' data-easing='easeInOutQuad'>DU HAST FRAGEN? SCHREIB UNS<\/a><\/div><\/div><\/div><\/div><\/div><img class=\"wp-image-4438 avia-img-lazy-loading-not-4438\"  src=\"https:\/\/www.fcschwand.de\/wp-content\/uploads\/2020\/03\/Tennis_1500195341-6-1-1500x430.jpg\" width=\"1500\" height=\"430\" title='Tennis_1500195341 (6)' alt=''  itemprop=\"thumbnailUrl\" \/><div class='av-section-color-overlay' style='opacity: 0.3; background-color: #000000; '><\/div><\/div><\/li><li  class=' slide-5 ' ><div data-rel='slideshow-2' class='avia-slide-wrap '   ><div class = \"caption_fullwidth av-slideshow-caption caption_left\"><div class = \"container caption_container\"><div class = \"slideshow_caption\"><div class = \"slideshow_inner_caption\"><div class = \"slideshow_align_caption\"><h2  style='font-size:70px; ' class='avia-caption-title  '  itemprop=\"name\" >Abteilung <strong>Tischtennis<\/strong><\/h2><div class='avia-caption-content  av_inherit_color'  itemprop=\"description\"   style='font-size:38px; '><p>DIE N\u00c4CHSTE PLATTE WARTET SCHON<\/p>\n<\/div><a href='https:\/\/www.fcschwand.de\/portfolio-item\/tischtennis\/'  class='avia-slideshow-button avia-button avia-color-light ' data-duration='800' data-easing='easeInOutQuad'>DU HAST FRAGEN? SCHREIB UNS<\/a><\/div><\/div><\/div><\/div><\/div><img class=\"wp-image-4421 avia-img-lazy-loading-not-4421\"  src=\"https:\/\/www.fcschwand.de\/wp-content\/uploads\/2020\/03\/Tischtennis_49372882-1500x430.jpg\" width=\"1500\" height=\"430\" title='Tischtennis_49372882' alt=''  itemprop=\"thumbnailUrl\" \/><div class='av-section-color-overlay' style='opacity: 0.3; background-color: #000000; '><\/div><\/div><\/li><li  class=' slide-6 ' ><div data-rel='slideshow-2' class='avia-slide-wrap '   ><div class = \"caption_fullwidth av-slideshow-caption caption_left\"><div class = \"container caption_container\"><div class = \"slideshow_caption\"><div class = \"slideshow_inner_caption\"><div class = \"slideshow_align_caption\"><h2  style='font-size:70px; ' class='avia-caption-title  '  itemprop=\"name\" ><strong>Volleyball<\/strong><\/h2><div class='avia-caption-content  av_inherit_color'  itemprop=\"description\"   style='font-size:38px; '><p>KOMM ZUR DRITTEN HALBZEIT<\/p>\n<\/div><a href='https:\/\/www.fcschwand.de\/turnen\/vollyball-maenner\/'  class='avia-slideshow-button avia-button avia-color-light ' data-duration='800' data-easing='easeInOutQuad'>DU HAST FRAGEN? SCHREIB UNS<\/a><\/div><\/div><\/div><\/div><\/div><img class=\"wp-image-5007 avia-img-lazy-loading-not-5007\"  src=\"https:\/\/www.fcschwand.de\/wp-content\/uploads\/2020\/03\/Handball_437141215-1-1500x430.jpg\" width=\"1500\" height=\"430\" title='Handball_437141215' alt=''  itemprop=\"thumbnailUrl\" \/><div class='av-section-color-overlay' style='opacity: 0.3; background-color: #000000; '><\/div><\/div><\/li><li  class=' slide-7 ' ><div data-rel='slideshow-2' class='avia-slide-wrap '   ><div class = \"caption_fullwidth av-slideshow-caption caption_center\"><div class = \"container caption_container\"><div class = \"slideshow_caption\"><div class = \"slideshow_inner_caption\"><div class = \"slideshow_align_caption\"><h2  style='font-size:70px; ' class='avia-caption-title  '  itemprop=\"name\" ><strong>Selbstverteidigung<\/strong><\/h2><div class='avia-caption-content  av_inherit_color'  itemprop=\"description\"   style='font-size:38px; '><p>EIN STARKES TEAM<\/p>\n<\/div><a href=' https:\/\/www.fcschwand.de\/portfolio-item\/esdo\/'  class='avia-slideshow-button avia-button avia-color-light ' data-duration='800' data-easing='easeInOutQuad'>komm zu uns<\/a><\/div><\/div><\/div><\/div><\/div><img class=\"wp-image-4978 avia-img-lazy-loading-not-4978\"  src=\"https:\/\/www.fcschwand.de\/wp-content\/uploads\/2020\/03\/shutterstock_554329354-1500x430.jpg\" width=\"1500\" height=\"430\" title='shutterstock_554329354' alt=''  itemprop=\"thumbnailUrl\" \/><\/div><\/li><\/ul><div class='avia-slideshow-arrows avia-slideshow-controls'><a href='#prev' tabindex='-1' class='prev-slide' aria-hidden='true' data-av_icon='\ue87c' data-av_iconfont='entypo-fontello'>Zur\u00fcck<\/a><a href='#next' tabindex='-1' class='next-slide' aria-hidden='true' data-av_icon='\ue87d' data-av_iconfont='entypo-fontello'>Weiter<\/a><\/div><div class='avia-slideshow-dots avia-slideshow-controls'><a href='#1' class='goto-slide active' >1<\/a><a href='#2' class='goto-slide ' >2<\/a><a href='#3' class='goto-slide ' >3<\/a><a href='#4' class='goto-slide ' >4<\/a><a href='#5' class='goto-slide ' >5<\/a><a href='#6' class='goto-slide ' >6<\/a><a href='#7' class='goto-slide ' >7<\/a><\/div><\/div><\/div>\n<\/div><\/div><\/div><!-- close content main div --><\/div><\/div><div id='av_section_2'  class='avia-section socket_color avia-section-default avia-no-border-styling  av-section-color-overlay-active avia-bg-style-scroll   container_wrap sidebar_right' style='background-color: #9dc1e8;  '  ><div class='av-section-color-overlay-wrap'><div class='av-section-color-overlay' style='opacity: 0.5; '><\/div><div class='container' ><div class='template-page content  av-content-small alpha units'><div class='post-entry post-entry-type-page post-entry-8051'><div class='entry-content-wrapper clearfix'>\n<div class=\"flex_column av_one_half  flex_column_div av-zero-column-padding first  \" style='border-radius:0px; '><section class=\"av_textblock_section \"  itemscope=\"itemscope\" itemtype=\"https:\/\/schema.org\/BlogPosting\" itemprop=\"blogPost\" ><div class='avia_textblock  '   itemprop=\"text\" ><h4 style=\"text-align: center;\">Initialz\u00fcndung f\u00fcr die bayerischen Sportvereine<\/h4>\n<h2><\/h2>\n<h2 style=\"text-align: center;\">Gutscheinprogramm f\u00fcr die Mitgliedschaft im Sportverein f\u00fcr Grundschulkinder<\/h2>\n<p>Speziell Kinder und Jugendliche haben w\u00e4hrend der Corona-Pandemie ganz besonders gelitten: Aufgrund des fehlenden Sportangebots und der damit verbundenen ausbleibenden Neueintritte mussten viele Sportvereine in Bayern in dieser Altersgruppe deutliche Mitgliederr\u00fcckg\u00e4nge verzeichnen. Um diesem Trend entgegenzuwirken, wurde nun ein Gutscheinprogramm des Freistaats Bayern zur F\u00f6rderung der Vereinsmitgliedschaft von Grundschulkindern vorgestellt.<\/p>\n<p>Wie Bayerns Innen- und Sportminister Joachim Herrmann und BLSV-Pr\u00e4sident J\u00f6rg Ammon auf einem Pressetermin bekannt gaben, erhielten alle bayerischen Grundschulkinder zum 1. Schultag einen Gutschein im Wert von 30 Euro, der auf die Jahresmitgliedschaft angerechnet wird. F\u00fcr den organisierten Sport in Bayern ist dies ein herausragendes Signal der Politik.<\/p>\n<h3 style=\"text-align: center;\">Wir als 1.FC Schwand e.V. freuen uns \u00fcber Neueintritte!<\/h3>\n<p>Beim Eintritt in unseren Verein kann der Gutschein einfach und unb\u00fcrokratisch eingereicht werden. Neben dem Mitgliedsantrag den Originalgutschein mit abgeben \u2013 und wir verrechnen diesen dann mit der Jahresmitgliedschaft f\u00fcr Kinder. Alle Infos zu den Gutscheinen gibt es unter <a href=\"https:\/\/www.blsv.de\/gutscheine\">www.blsv.de\/gutscheine<\/a>.<\/p>\n<h3 style=\"text-align: center;\">Jetzt bei uns im Verein anmelden!<\/h3>\n<p>Kommt vorbei, schnuppert in die einzelnen Sportarten rein und werdet Vereinsmitglied! Alle Informationen zu Schnupper- und Trainingszeiten findet ihr unter <a href=\"https:\/\/www.fcschwand.de\/\">www.fcschwand.de<\/a>. Wir freuen uns auf euch!<\/p>\n<\/div><\/section><\/div><div class=\"flex_column av_two_fifth  flex_column_div av-zero-column-padding   \" style='border-radius:0px; '><p><div  class='avia-image-container  av-styling-    avia-align-center '  itemprop=\"image\" itemscope=\"itemscope\" itemtype=\"https:\/\/schema.org\/ImageObject\"  ><div class='avia-image-container-inner'><div class='avia-image-overlay-wrap'><img class='wp-image-0 avia-img-lazy-loading-not-0 avia_image' src=\"https:\/\/www.fcschwand.de\/wp-content\/uploads\/2021\/09\/BLSV_Plakat_Vereinsgutschein_Motiv_1-1-pdf-1030x728.jpg\" alt='' title=''   itemprop=\"thumbnailUrl\" \/><\/div><\/div><\/div><br \/>\n<div   class='hr hr-default  '><span class='hr-inner ' ><span class='hr-inner-style'><\/span><\/span><\/div><br \/>\n<section class=\"av_textblock_section \"  itemscope=\"itemscope\" itemtype=\"https:\/\/schema.org\/BlogPosting\" itemprop=\"blogPost\" ><div class='avia_textblock  '   itemprop=\"text\" ><h3 style=\"text-align: center;\">Der 1. FC Schwand ist dabei!<\/h3>\n<h3 style=\"text-align: center;\">Sei schlau und mach mit!<\/h3>\n<p style=\"text-align: center;\">Melde dich gleich mit deinem Gutschein an und deine<\/p>\n<p style=\"text-align: center;\"><strong>Mitgliedschaft ist bis zum <span style=\"color: #ff0000;\">31.12.2022<\/span> kostenlos <\/strong><\/p>\n<p style=\"text-align: center;\">\u00dcbersicht unserer Sportangebote findest du auf unserer Vereinshomepage<\/p>\n<p style=\"text-align: center;\"><a href=\"https:\/\/www.fcschwand.de\/\">www.fcschwand.de<\/a><\/p>\n<\/div><\/section><\/p><\/div>\n<\/div><\/div><\/div><!-- close content main div --><\/div><div class='av-extra-border-element border-extra-diagonal border-extra-diagonal-inverse diagonal-box-shadow'><div class='av-extra-border-outer'><div class='av-extra-border-inner' ><\/div><\/div><\/div><\/div><\/div><div id='after_section_2'  class='main_color av_default_container_wrap container_wrap sidebar_right' style=' '  ><div class='container' ><div class='template-page content  av-content-small alpha units'><div class='post-entry post-entry-type-page post-entry-8051'><div class='entry-content-wrapper clearfix'>\n<div  class='avia-image-container  av-styling-    avia-align-center '  itemprop=\"image\" itemscope=\"itemscope\" itemtype=\"https:\/\/schema.org\/ImageObject\"  ><div class='avia-image-container-inner'><div class='avia-image-overlay-wrap'><img class='wp-image-0 avia-img-lazy-loading-not-0 avia_image' src=\"https:\/\/www.fcschwand.de\/wp-content\/uploads\/2021\/08\/Tagesord_JHV-2021-v_-6_8_21.docx\" alt='' title=''   itemprop=\"thumbnailUrl\" \/><\/div><\/div><\/div>\n<\/div><\/div><\/div><!-- close content main div --><\/div><\/div><div id='av_section_3'  class='avia-section main_color avia-section-default avia-no-border-styling  avia-bg-style-scroll   container_wrap sidebar_right' style='background-color: #000000;  '  ><div class='container' ><div class='template-page content  av-content-small alpha units'><div class='post-entry post-entry-type-page post-entry-8051'><div class='entry-content-wrapper clearfix'>\n<div class=\"flex_column av_one_full  flex_column_div av-zero-column-padding first  avia-builder-el-0  avia-builder-el-no-sibling  \" style='border-radius:0px; '><p><span  class=\"av_font_icon avia_animate_when_visible avia-icon-animate  av-icon-style-  avia-icon-pos-center \" style=\"color:#ffffff; border-color:#ffffff;\"><span class='av-icon-char' style='font-size:20px;line-height:20px;' aria-hidden='true' data-av_icon='\ue80b' data-av_iconfont='entypo-fontello' data-avia-icon-tooltip=\"&lt;br \/&gt;\nlerne den 1.FC Schwand e.V. kennen&lt;br \/&gt;\n\"><\/span><\/span><br \/>\n<div  style='padding-bottom:10px; margin-top: 10px;color:#ffffff;' class='av-special-heading av-special-heading-h2 custom-color-heading blockquote modern-quote modern-centered  '><h2 class='av-special-heading-tag '  itemprop=\"headline\"  >lerne uns kennen <\/h2><div class='special-heading-border'><div class='special-heading-inner-border' style='border-color:#ffffff'><\/div><\/div><\/div><br \/>\n<section class=\"av_textblock_section \"  itemscope=\"itemscope\" itemtype=\"https:\/\/schema.org\/BlogPosting\" itemprop=\"blogPost\" ><div class='avia_textblock  av_inherit_color '  style='color:#ffffff; '  itemprop=\"text\" ><div class=\"elementor-element elementor-element-d000238 elementor-widget elementor-widget-text-editor\" data-id=\"d000238\" data-element_type=\"widget\" data-widget_type=\"text-editor.default\">\n<div class=\"elementor-widget-container\">\n<div class=\"elementor-text-editor elementor-clearfix\">\n<p><b>Starte den Weg zu mehr Gesundheit\u00a0 mit uns!<\/b><\/p>\n<p>Unser Team aus <strong>qualifizierten Trainern <\/strong>und<strong> Betreuern<\/strong> freut sich darauf, dich kennenzulernen.<\/p>\n<p>Zusammen mit <strong>vielen anderen netten Mitgliedern<\/strong> f\u00e4llt dir das Training leichter und bei tollen Gruppenkursen kommt <strong>erst richtig Spa\u00df auf<\/strong>. Die Motivation steigt automatisch von mal zu mal!<\/p>\n<p>Lerne unseren<strong> Verein<\/strong>, die <strong>Trainer<\/strong> und unsere anderen <strong>Mitglieder<\/strong> doch bei einem <strong>Kennenlerntraining<\/strong> kennen.<\/p>\n<p>Ruf einfach einen unserer <a href=\"https:\/\/www.fcschwand.de\/home\/ansprechpartner\/\" target=\"_blank\" rel=\"noopener\">Ansprechpartner<\/a> an, oder komm direkt an einem der Trainingstage vorbei.<\/p>\n<p><strong>Wir freuen uns auf dich!<\/strong><\/p>\n<\/div>\n<\/div>\n<\/div>\n<\/div><\/section><\/p><\/div>\n<\/div><\/div><\/div><!-- close content main div --><\/div><\/div><div id='after_section_3'  class='main_color av_default_container_wrap container_wrap sidebar_right' style=' '  ><div class='container' ><div class='template-page content  av-content-small alpha units'><div class='post-entry post-entry-type-page post-entry-8051'><div class='entry-content-wrapper clearfix'>\n<\/div><\/div><\/div><!-- close content main div --><\/div><\/div><div id='av_section_4'  class='avia-section main_color avia-section-default avia-no-border-styling  avia-bg-style-scroll   container_wrap sidebar_right' style=' '  ><div class='container' ><div class='template-page content  av-content-small alpha units'><div class='post-entry post-entry-type-page post-entry-8051'><div class='entry-content-wrapper clearfix'>\n<div class=\"flex_column av_one_full  flex_column_div av-zero-column-padding first  \" style='border-radius:0px; '><p><div  style='height:1px; margin-top:-25px'  class='hr hr-invisible  '><span class='hr-inner ' ><span class='hr-inner-style'><\/span><\/span><\/div><br \/>\n<span  class=\"av_font_icon avia_animate_when_visible avia-icon-animate  av-icon-style-  av-no-color avia-icon-pos-center \" style=\"\"><span class='av-icon-char' style='font-size:20px;line-height:20px;' aria-hidden='true' data-av_icon='\ue863' data-av_iconfont='entypo-fontello' data-avia-icon-tooltip=\"&lt;br \/&gt;\ndie Geschichte des 1.FC Schwand e.V.&lt;br \/&gt;\n\"><\/span><\/span><br \/>\n<div  style='padding-bottom:10px; margin-top: 10px;' class='av-special-heading av-special-heading-h2 meta-heading blockquote modern-quote modern-centered  '><h2 class='av-special-heading-tag '  itemprop=\"headline\"  >unsere Geschichte <\/h2><div class='special-heading-border'><div class='special-heading-inner-border' ><\/div><\/div><\/div><br \/>\n<div  class='av-alb-blogposts template-blog  av-blog-meta-author-disabled av-blog-meta-comments-disabled av-blog-meta-category-disabled av-blog-meta-date-disabled av-blog-meta-html-info-disabled av-blog-meta-tag-disabled '  itemscope=\"itemscope\" itemtype=\"https:\/\/schema.org\/Blog\" ><article class='post-entry post-entry-type-standard post-entry-4342 post-loop-5 post-parity-odd bloglist-simple  post-4342 post type-post status-publish format-standard hentry category-geschichte'  itemscope=\"itemscope\" itemtype=\"https:\/\/schema.org\/BlogPosting\" ><div class='blog-meta'><\/div><div class='entry-content-wrapper clearfix standard-content'><header class=\"entry-content-header\"><div class=\"av-heading-wrapper\"><span class=\"blog-categories minor-meta\"><a href=\"https:\/\/www.fcschwand.de\/home\/category\/geschichte\/\" rel=\"tag\">Geschichte<\/a> <\/span><h2 class='post-title entry-title '  itemprop=\"headline\" >\t<a href='https:\/\/www.fcschwand.de\/home\/2020\/03\/02\/1933-aufloesung-nach-politischen-wirrungen\/' rel='bookmark' title='Permanenter Link zu: 1933 Aufl\u00f6sung nach politischen Wirrungen'>1933 Aufl\u00f6sung nach politischen Wirrungen\t\t\t<span class='post-format-icon minor-meta'><\/span>\t<\/a><\/h2><\/div><\/header><span class='post-meta-infos'><time class='date-container minor-meta updated' >2. M\u00e4rz 2020<\/time><span class='text-sep text-sep-date'>\/<\/span><span class=\"blog-author minor-meta\">von <span class=\"entry-author-link\"  itemprop=\"author\" ><span class=\"author\"><span class=\"fn\"><a href=\"https:\/\/www.fcschwand.de\/home\/author\/alexheinz\/\" title=\"Beitr\u00e4ge von AlexHeinz\" rel=\"author\">AlexHeinz<\/a><\/span><\/span><\/span><\/span><div class=\"read-more-link\"><a href=\"https:\/\/www.fcschwand.de\/home\/2020\/03\/02\/1933-aufloesung-nach-politischen-wirrungen\/\" class=\"more-link\">Weiterlesen<span class=\"more-link-arrow\"><\/span><\/a><\/div><\/span><footer class=\"entry-footer\"><\/footer><div class='post_delimiter'><\/div><\/div><div class='post_author_timeline'><\/div><span class='hidden'>\n\t\t\t\t<span class='av-structured-data'  itemprop=\"image\" itemscope=\"itemscope\" itemtype=\"https:\/\/schema.org\/ImageObject\" >\n\t\t\t\t\t\t<span itemprop='url'>https:\/\/www.fcschwand.de\/wp-content\/uploads\/2016\/05\/FCS.png<\/span>\n\t\t\t\t\t\t<span itemprop='height'>0<\/span>\n\t\t\t\t\t\t<span itemprop='width'>0<\/span>\n\t\t\t\t<\/span>\n\t\t\t\t<span class='av-structured-data'  itemprop=\"publisher\" itemtype=\"https:\/\/schema.org\/Organization\" itemscope=\"itemscope\" >\n\t\t\t\t\t\t<span itemprop='name'>AlexHeinz<\/span>\n\t\t\t\t\t\t<span itemprop='logo' itemscope itemtype='https:\/\/schema.org\/ImageObject'>\n\t\t\t\t\t\t\t<span itemprop='url'>https:\/\/www.fcschwand.de\/wp-content\/uploads\/2016\/05\/FCS.png<\/span>\n\t\t\t\t\t\t <\/span>\n\t\t\t\t<\/span><span class='av-structured-data'  itemprop=\"author\" itemscope=\"itemscope\" itemtype=\"https:\/\/schema.org\/Person\" ><span itemprop='name'>AlexHeinz<\/span><\/span><span class='av-structured-data'  itemprop=\"datePublished\" datetime=\"2020-03-02T21:35:05+01:00\" >2020-03-02 21:35:05<\/span><span class='av-structured-data'  itemprop=\"dateModified\" itemtype=\"https:\/\/schema.org\/dateModified\" >2020-03-07 09:00:25<\/span><span class='av-structured-data'  itemprop=\"mainEntityOfPage\" itemtype=\"https:\/\/schema.org\/mainEntityOfPage\" ><span itemprop='name'>1933 Aufl\u00f6sung nach politischen Wirrungen<\/span><\/span><\/span><\/article><div class='bloglist-simple'><nav class='pagination'><span class='pagination-meta'>Seite 1 von 26<\/span><span class='current'>1<\/span><a href='https:\/\/www.fcschwand.de\/home\/wp-json\/wp\/v2\/pages\/8051\/page\/2\/' class='inactive next_page' >2<\/a><a href='https:\/\/www.fcschwand.de\/home\/wp-json\/wp\/v2\/pages\/8051\/page\/3\/' class='inactive' >3<\/a><a href='https:\/\/www.fcschwand.de\/home\/wp-json\/wp\/v2\/pages\/8051\/page\/2\/'>&rsaquo;<\/a><a href='https:\/\/www.fcschwand.de\/home\/wp-json\/wp\/v2\/pages\/8051\/page\/26\/'>&raquo;<\/a><\/nav>\n<\/div><\/div><\/p><\/div>\n<\/div><\/div><\/div><!-- close content main div --><\/div><\/div><div id='after_section_4'  class='main_color av_default_container_wrap container_wrap sidebar_right' style=' '  ><div class='container' ><div class='template-page content  av-content-small alpha units'><div class='post-entry post-entry-type-page post-entry-8051'><div class='entry-content-wrapper clearfix'>\n<\/div><\/div><\/div><!-- close content main div --><\/div><\/div><div id='av_section_5'  class='avia-section main_color avia-section-default avia-no-border-styling  avia-bg-style-scroll   container_wrap sidebar_right' style='background-color: #000000;  '  ><div class='container' ><div class='template-page content  av-content-small alpha units'><div class='post-entry post-entry-type-page post-entry-8051'><div class='entry-content-wrapper clearfix'>\n<div class=\"flex_column av_one_full  flex_column_div av-zero-column-padding first  \" style='border-radius:0px; '><p><span  class=\"av_font_icon avia_animate_when_visible avia-icon-animate  av-icon-style-  avia-icon-pos-center \" style=\"color:#ffffff; border-color:#ffffff;\"><a href='https:\/\/www.fcschwand.de\/home\/verein\/unser-standort\/'  target=\"_blank\"  rel=\"noopener noreferrer\"  class='av-icon-char' style='font-size:20px;line-height:20px;' aria-hidden='true' data-av_icon='\ue843' data-av_iconfont='entypo-fontello' data-avia-icon-tooltip=\"&lt;br \/&gt;\nlerne den 1.FC Schwand e.V. kennen&lt;br \/&gt;\n\"><\/a><\/span><br \/>\n<div  style='padding-bottom:10px; margin-top: 10px;color:#ffffff;' class='av-special-heading av-special-heading-h2 custom-color-heading blockquote modern-quote modern-centered  av-linked-heading '><h2 class='av-special-heading-tag '  itemprop=\"headline\"  ><a href=\"https:\/\/www.fcschwand.de\/home\/verein\/unser-standort\/\" target=\"_blank\"  rel=\"noopener noreferrer\">finde den Weg zu uns<\/a><\/h2><div class='special-heading-border'><div class='special-heading-inner-border' style='border-color:#ffffff'><\/div><\/div><\/div><\/p><\/div><div class=\"flex_column av_one_half  flex_column_div av-zero-column-padding first  \" style='border-radius:0px; '><section class=\"av_textblock_section \"  itemscope=\"itemscope\" itemtype=\"https:\/\/schema.org\/BlogPosting\" itemprop=\"blogPost\" ><div class='avia_textblock  '   itemprop=\"text\" ><p><iframe loading=\"lazy\" style=\"border: 0;\" src=\"https:\/\/www.google.com\/maps\/embed?pb=!1m18!1m12!1m3!1d2187.5509369033143!2d11.120750008218865!3d49.30573951852164!2m3!1f0!2f0!3f0!3m2!1i1024!2i768!4f13.1!3m3!1m2!1s0x479f44d9779fce85%3A0x6bee993a09aa7e13!2s1.+FC+Schwand+e.V.!5e0!3m2!1sde!2sde!4v1545329480155\" width=\"600\" height=\"430\" frameborder=\"0\" allowfullscreen=\"allowfullscreen\"><\/iframe><\/p>\n<\/div><\/section><\/div><div class=\"flex_column av_one_half  flex_column_div av-zero-column-padding   \" style='border-radius:0px; '><section class=\"av_textblock_section \"  itemscope=\"itemscope\" itemtype=\"https:\/\/schema.org\/BlogPosting\" itemprop=\"blogPost\" ><div class='avia_textblock  av_inherit_color '  style='color:#ffffff; '  itemprop=\"text\" ><div class=\"elementor-element elementor-element-d000238 elementor-widget elementor-widget-text-editor\" data-id=\"d000238\" data-element_type=\"widget\" data-widget_type=\"text-editor.default\">\n<div class=\"elementor-widget-container\">\n<div class=\"elementor-text-editor elementor-clearfix\">\n<section class=\"elementor-element elementor-element-6a763871 elementor-section-boxed elementor-section-height-default elementor-section-height-default elementor-section elementor-inner-section\" data-id=\"6a763871\" data-element_type=\"section\">\n<div class=\"elementor-container elementor-column-gap-default\">\n<div class=\"elementor-row\">\n<div class=\"elementor-element elementor-element-4a8b26ff elementor-column elementor-col-100 elementor-inner-column\" data-id=\"4a8b26ff\" data-element_type=\"column\">\n<div class=\"elementor-column-wrap elementor-element-populated\">\n<div class=\"elementor-widget-wrap\">\n<div class=\"elementor-element elementor-element-50492b6 elementor-widget elementor-widget-text-editor\" data-id=\"50492b6\" data-element_type=\"widget\" data-widget_type=\"text-editor.default\">\n<div class=\"elementor-widget-container\">\n<div class=\"elementor-text-editor elementor-clearfix\">\n<h5>Du findest unseren Verein\u00a0 in der,<\/h5>\n<p>N\u00fcrnberger Strasse 46<\/p>\n<p>90596 Schwanstetten<\/p>\n<p><strong>Parkpl\u00e4tze gibt es\u00a0 direkt vor dem Sportheim! <\/strong><\/p>\n<\/div>\n<\/div>\n<\/div>\n<\/div>\n<\/div>\n<\/div>\n<\/div>\n<\/div>\n<\/section>\n<\/div>\n<\/div>\n<\/div>\n<\/div><\/section><\/div>\n<\/div><\/div><\/div><!-- close content main div --><\/div><\/div><div id='after_section_5'  class='main_color av_default_container_wrap container_wrap sidebar_right' style=' '  ><div class='container' ><div class='template-page content  av-content-small alpha units'><div class='post-entry post-entry-type-page post-entry-8051'><div class='entry-content-wrapper clearfix'>\n","protected":false},"excerpt":{"rendered":"","protected":false},"author":7,"featured_media":0,"parent":0,"menu_order":0,"comment_status":"closed","ping_status":"closed","template":"","meta":[],"yoast_head":"<!-- This site is optimized with the Yoast SEO plugin v15.9.2 - https:\/\/yoast.com\/wordpress\/plugins\/seo\/ -->\n<title>1.FC Schwand - Sportverein<\/title>\n<meta name=\"description\" content=\"1.FC Schwand; Sportverein Schwand; Schwanstetten; Fussball; Turnen; Handball; Tischtennis; Tennis; Leichtathletik; ESDO; Kindersport; SG Schwand-Leerstetten; Schwand\" \/>\n<link rel=\"canonical\" href=\"https:\/\/www.fcschwand.de\/home\/1-fc-schwand-sportverein-2\/\" \/>\n<meta property=\"og:locale\" content=\"de_DE\" \/>\n<meta property=\"og:type\" content=\"article\" \/>\n<meta property=\"og:title\" content=\"1.FC Schwand - Sportverein\" \/>\n<meta property=\"og:description\" content=\"1.FC Schwand; Sportverein Schwand; Schwanstetten; Fussball; Turnen; Handball; Tischtennis; Tennis; Leichtathletik; ESDO; Kindersport; SG Schwand-Leerstetten; Schwand\" \/>\n<meta property=\"og:url\" content=\"https:\/\/www.fcschwand.de\/home\/1-fc-schwand-sportverein-2\/\" \/>\n<meta property=\"og:site_name\" content=\"1.FC Schwand\" \/>\n<meta property=\"article:modified_time\" content=\"2025-07-21T14:40:31+00:00\" \/>\n<meta name=\"twitter:card\" content=\"summary\" \/>\n<meta name=\"twitter:label1\" content=\"Gesch\u00e4tzte Lesezeit\">\n\t<meta name=\"twitter:data1\" content=\"10\u00a0Minuten\">\n<script type=\"application\/ld+json\" class=\"yoast-schema-graph\">{\"@context\":\"https:\/\/schema.org\",\"@graph\":[{\"@type\":\"WebSite\",\"@id\":\"https:\/\/www.fcschwand.de\/home\/#website\",\"url\":\"https:\/\/www.fcschwand.de\/home\/\",\"name\":\"1.FC Schwand\",\"description\":\"Sport aus Leidenschaft\",\"potentialAction\":[{\"@type\":\"SearchAction\",\"target\":\"https:\/\/www.fcschwand.de\/home\/?s={search_term_string}\",\"query-input\":\"required name=search_term_string\"}],\"inLanguage\":\"de\"},{\"@type\":\"WebPage\",\"@id\":\"https:\/\/www.fcschwand.de\/home\/1-fc-schwand-sportverein-2\/#webpage\",\"url\":\"https:\/\/www.fcschwand.de\/home\/1-fc-schwand-sportverein-2\/\",\"name\":\"1.FC Schwand - Sportverein\",\"isPartOf\":{\"@id\":\"https:\/\/www.fcschwand.de\/home\/#website\"},\"datePublished\":\"2024-04-09T16:12:07+00:00\",\"dateModified\":\"2025-07-21T14:40:31+00:00\",\"description\":\"1.FC Schwand; Sportverein Schwand; Schwanstetten; Fussball; Turnen; Handball; Tischtennis; Tennis; Leichtathletik; ESDO; Kindersport; SG Schwand-Leerstetten; Schwand\",\"breadcrumb\":{\"@id\":\"https:\/\/www.fcschwand.de\/home\/1-fc-schwand-sportverein-2\/#breadcrumb\"},\"inLanguage\":\"de\",\"potentialAction\":[{\"@type\":\"ReadAction\",\"target\":[\"https:\/\/www.fcschwand.de\/home\/1-fc-schwand-sportverein-2\/\"]}]},{\"@type\":\"BreadcrumbList\",\"@id\":\"https:\/\/www.fcschwand.de\/home\/1-fc-schwand-sportverein-2\/#breadcrumb\",\"itemListElement\":[{\"@type\":\"ListItem\",\"position\":1,\"item\":{\"@type\":\"WebPage\",\"@id\":\"https:\/\/www.fcschwand.de\/home\/1-fc-schwand-sportverein-2\/\",\"url\":\"https:\/\/www.fcschwand.de\/home\/1-fc-schwand-sportverein-2\/\",\"name\":\"Startseite\"}},{\"@type\":\"ListItem\",\"position\":2,\"item\":{\"@type\":\"WebPage\",\"@id\":\"https:\/\/www.fcschwand.de\/home\/1-fc-schwand-sportverein-2\/\",\"url\":\"https:\/\/www.fcschwand.de\/home\/1-fc-schwand-sportverein-2\/\",\"name\":\"Home\"}}]}]}<\/script>\n<!-- \/ Yoast SEO plugin. -->","_links":{"self":[{"href":"https:\/\/www.fcschwand.de\/home\/wp-json\/wp\/v2\/pages\/8051"}],"collection":[{"href":"https:\/\/www.fcschwand.de\/home\/wp-json\/wp\/v2\/pages"}],"about":[{"href":"https:\/\/www.fcschwand.de\/home\/wp-json\/wp\/v2\/types\/page"}],"author":[{"embeddable":true,"href":"https:\/\/www.fcschwand.de\/home\/wp-json\/wp\/v2\/users\/7"}],"replies":[{"embeddable":true,"href":"https:\/\/www.fcschwand.de\/home\/wp-json\/wp\/v2\/comments?post=8051"}],"version-history":[{"count":10,"href":"https:\/\/www.fcschwand.de\/home\/wp-json\/wp\/v2\/pages\/8051\/revisions"}],"predecessor-version":[{"id":9298,"href":"https:\/\/www.fcschwand.de\/home\/wp-json\/wp\/v2\/pages\/8051\/revisions\/9298"}],"wp:attachment":[{"href":"https:\/\/www.fcschwand.de\/home\/wp-json\/wp\/v2\/media?parent=8051"}],"curies":[{"name":"wp","href":"https:\/\/api.w.org\/{rel}","templated":true}]}}